{"id":3,"date":"2022-03-29T08:41:25","date_gmt":"2022-03-29T08:41:25","guid":{"rendered":"http:\/\/www.hereticherbsliqueur.com\/?page_id=3"},"modified":"2023-10-10T09:50:46","modified_gmt":"2023-10-10T09:50:46","slug":"politica-de-privacitat","status":"publish","type":"page","link":"https:\/\/www.hereticherbsliqueur.com\/ca\/politica-de-privacitat\/","title":{"rendered":"Pol\u00edtica de privacitat"},"content":{"rendered":"\t\t<div data-elementor-type=\"wp-page\" data-elementor-id=\"3\" class=\"elementor elementor-3 elementor-856\" data-elementor-post-type=\"page\">\n\t\t\t\t\t\t<section class=\"elementor-section elementor-top-section elementor-element elementor-element-ea70eb2 elementor-section-boxed elementor-section-height-default elementor-section-height-default\" data-id=\"ea70eb2\" data-element_type=\"section\" data-e-type=\"section\">\n\t\t\t\t\t\t<div class=\"elementor-container elementor-column-gap-default\">\n\t\t\t\t\t<div class=\"elementor-column elementor-col-100 elementor-top-column elementor-element elementor-element-c75ac35\" data-id=\"c75ac35\" data-element_type=\"column\" data-e-type=\"column\">\n\t\t\t<div class=\"elementor-widget-wrap elementor-element-populated\">\n\t\t\t\t\t\t<section class=\"elementor-section elementor-inner-section elementor-element elementor-element-f73f91b elementor-section-boxed elementor-section-height-default elementor-section-height-default\" data-id=\"f73f91b\" data-element_type=\"section\" data-e-type=\"section\">\n\t\t\t\t\t\t<div class=\"elementor-container elementor-column-gap-default\">\n\t\t\t\t\t<div class=\"elementor-column elementor-col-50 elementor-inner-column elementor-element elementor-element-d51061c\" data-id=\"d51061c\" data-element_type=\"column\" data-e-type=\"column\">\n\t\t\t<div class=\"elementor-widget-wrap elementor-element-populated\">\n\t\t\t\t\t\t<div class=\"elementor-element elementor-element-1c6d2f5 elementor-widget elementor-widget-heading\" data-id=\"1c6d2f5\" data-element_type=\"widget\" data-e-type=\"widget\" data-widget_type=\"heading.default\">\n\t\t\t\t<div class=\"elementor-widget-container\">\n\t\t\t\t\t<h2 class=\"elementor-heading-title elementor-size-default\">Pol\u00edtica de privacitat<\/h2>\t\t\t\t<\/div>\n\t\t\t\t<\/div>\n\t\t\t\t<div class=\"elementor-element elementor-element-1f2172b e-transform elementor-widget elementor-widget-text-editor\" data-id=\"1f2172b\" data-element_type=\"widget\" data-e-type=\"widget\" data-settings=\"{&quot;_transform_rotateZ_effect&quot;:{&quot;unit&quot;:&quot;px&quot;,&quot;size&quot;:1,&quot;sizes&quot;:[]},&quot;_transform_rotateZ_effect_tablet&quot;:{&quot;unit&quot;:&quot;deg&quot;,&quot;size&quot;:&quot;&quot;,&quot;sizes&quot;:[]},&quot;_transform_rotateZ_effect_mobile&quot;:{&quot;unit&quot;:&quot;deg&quot;,&quot;size&quot;:&quot;&quot;,&quot;sizes&quot;:[]}}\" data-widget_type=\"text-editor.default\">\n\t\t\t\t<div class=\"elementor-widget-container\">\n\t\t\t\t\t\t\t\t\t<p>Li donem la benvinguda a la web corporativa i el convidem a con\u00e8ixer aquest terminis avan\u00e7 que vost\u00e8 faciliti les seves dades personals.<\/p>\t\t\t\t\t\t\t\t<\/div>\n\t\t\t\t<\/div>\n\t\t\t\t<div class=\"elementor-element elementor-element-18492bd elementor-widget elementor-widget-text-editor\" data-id=\"18492bd\" data-element_type=\"widget\" data-e-type=\"widget\" data-widget_type=\"text-editor.default\">\n\t\t\t\t<div class=\"elementor-widget-container\">\n\t\t\t\t\t\t\t\t\t<p><strong>Menors d\u2019edat<\/strong><br \/>En el cas de menors de catorze anys es requereix el consentiment dels pares o tutors per que puguem tractar les seves dades personals.<br \/>En cap cas es demanaran dels menors d\u2019edat dades relatives a la seva situaci\u00f3 professional, econ\u00f2mica o a la intimitat dels altres membres de la fam\u00edlia, sense el consentiments d\u2019aquests.<br \/>Si ets menor de catorze anys i has accedit a aquesta web sense avisar als teus pares, <strong>no has de donar-nos cap mena de dades personals.<\/strong><\/p>\t\t\t\t\t\t\t\t<\/div>\n\t\t\t\t<\/div>\n\t\t\t\t<div class=\"elementor-element elementor-element-49d2330 elementor-widget elementor-widget-text-editor\" data-id=\"49d2330\" data-element_type=\"widget\" data-e-type=\"widget\" data-widget_type=\"text-editor.default\">\n\t\t\t\t<div class=\"elementor-widget-container\">\n\t\t\t\t\t\t\t\t\t<p><strong>Alguns principis que deus con\u00e8ixer<\/strong><br \/>Per <strong>Teichenn\u00e9, S.A.<\/strong> es una prioritat el respecte i la protecci\u00f3 de les dades personals dels usuaris. Com usuari has de saber que el vostres drets estan garantits en aquesta web.<br \/>Ens hem esfor\u00e7at ne crear un espai segur i confiable i per aix\u00f2 volem compartir els nostres principis envers la seva privacitat:<\/p>\t\t\t\t\t\t\t\t<\/div>\n\t\t\t\t<\/div>\n\t\t\t\t<div class=\"elementor-element elementor-element-1e8f69d e-transform elementor-widget elementor-widget-text-editor\" data-id=\"1e8f69d\" data-element_type=\"widget\" data-e-type=\"widget\" data-settings=\"{&quot;_transform_rotateZ_effect&quot;:{&quot;unit&quot;:&quot;px&quot;,&quot;size&quot;:2,&quot;sizes&quot;:[]},&quot;_transform_rotateZ_effect_tablet&quot;:{&quot;unit&quot;:&quot;deg&quot;,&quot;size&quot;:&quot;&quot;,&quot;sizes&quot;:[]},&quot;_transform_rotateZ_effect_mobile&quot;:{&quot;unit&quot;:&quot;deg&quot;,&quot;size&quot;:&quot;&quot;,&quot;sizes&quot;:[]}}\" data-widget_type=\"text-editor.default\">\n\t\t\t\t<div class=\"elementor-widget-container\">\n\t\t\t\t\t\t\t\t\t<ul><li>Mai sol\u00b7licitem informaci\u00f3 personal. Quan ho fem es per que es realment necessari per poder donar-li els serveis que ens demana.<\/li><\/ul>\t\t\t\t\t\t\t\t<\/div>\n\t\t\t\t<\/div>\n\t\t\t\t<div class=\"elementor-element elementor-element-19f87ab e-transform elementor-widget elementor-widget-text-editor\" data-id=\"19f87ab\" data-element_type=\"widget\" data-e-type=\"widget\" data-settings=\"{&quot;_transform_rotateZ_effect&quot;:{&quot;unit&quot;:&quot;px&quot;,&quot;size&quot;:5,&quot;sizes&quot;:[]},&quot;_transform_rotateZ_effect_tablet&quot;:{&quot;unit&quot;:&quot;deg&quot;,&quot;size&quot;:&quot;&quot;,&quot;sizes&quot;:[]},&quot;_transform_rotateZ_effect_mobile&quot;:{&quot;unit&quot;:&quot;deg&quot;,&quot;size&quot;:&quot;&quot;,&quot;sizes&quot;:[]}}\" data-widget_type=\"text-editor.default\">\n\t\t\t\t<div class=\"elementor-widget-container\">\n\t\t\t\t\t\t\t\t\t<ul><li>Mai compartim amb ning\u00fa la informaci\u00f3 personal dels nostres usuaris, excepte quan hem de complir la llei o en el cas que tinguem la seva autoritzaci\u00f3 expressa.<\/li><\/ul>\t\t\t\t\t\t\t\t<\/div>\n\t\t\t\t<\/div>\n\t\t\t\t<div class=\"elementor-element elementor-element-cc4162f e-transform elementor-widget elementor-widget-text-editor\" data-id=\"cc4162f\" data-element_type=\"widget\" data-e-type=\"widget\" data-settings=\"{&quot;_transform_rotateZ_effect&quot;:{&quot;unit&quot;:&quot;px&quot;,&quot;size&quot;:8,&quot;sizes&quot;:[]},&quot;_transform_rotateZ_effect_tablet&quot;:{&quot;unit&quot;:&quot;deg&quot;,&quot;size&quot;:&quot;&quot;,&quot;sizes&quot;:[]},&quot;_transform_rotateZ_effect_mobile&quot;:{&quot;unit&quot;:&quot;deg&quot;,&quot;size&quot;:&quot;&quot;,&quot;sizes&quot;:[]}}\" data-widget_type=\"text-editor.default\">\n\t\t\t\t<div class=\"elementor-widget-container\">\n\t\t\t\t\t\t\t\t\t<ul><li>Mai fem servir les seves dades personals per una finalitat diferent a la expressada en aquesta pol\u00edtica de privacitat.<\/li><\/ul>\t\t\t\t\t\t\t\t<\/div>\n\t\t\t\t<\/div>\n\t\t\t\t<div class=\"elementor-element elementor-element-506663d e-transform elementor-widget elementor-widget-text-editor\" data-id=\"506663d\" data-element_type=\"widget\" data-e-type=\"widget\" data-settings=\"{&quot;_transform_rotateZ_effect&quot;:{&quot;unit&quot;:&quot;px&quot;,&quot;size&quot;:2,&quot;sizes&quot;:[]},&quot;_transform_rotateZ_effect_tablet&quot;:{&quot;unit&quot;:&quot;deg&quot;,&quot;size&quot;:&quot;&quot;,&quot;sizes&quot;:[]},&quot;_transform_rotateZ_effect_mobile&quot;:{&quot;unit&quot;:&quot;deg&quot;,&quot;size&quot;:&quot;&quot;,&quot;sizes&quot;:[]}}\" data-widget_type=\"text-editor.default\">\n\t\t\t\t<div class=\"elementor-widget-container\">\n\t\t\t\t\t\t\t\t\t<p>Aquesta Pol\u00edtica de Privacitat podr\u00e0 canviar en funci\u00f3 de les exig\u00e8ncies legislatives o d\u2019autoregulaci\u00f3. Per aix\u00f2 aconsellem que com usuari la revisi peri\u00f2dicament. Ser\u00e0 aplicable en cas de que el usuaris decideixin omplir qualsevol dels formularis de contacte on es demanin dades de car\u00e0cter personal.<\/p>\t\t\t\t\t\t\t\t<\/div>\n\t\t\t\t<\/div>\n\t\t\t\t<div class=\"elementor-element elementor-element-244a2b1 elementor-widget elementor-widget-heading\" data-id=\"244a2b1\" data-element_type=\"widget\" data-e-type=\"widget\" data-widget_type=\"heading.default\">\n\t\t\t\t<div class=\"elementor-widget-container\">\n\t\t\t\t\t<h2 class=\"elementor-heading-title elementor-size-default\">Regulacions legals a les que s\u2019acull aquesta web<\/h2>\t\t\t\t<\/div>\n\t\t\t\t<\/div>\n\t\t\t\t<div class=\"elementor-element elementor-element-44962cb e-transform elementor-widget elementor-widget-text-editor\" data-id=\"44962cb\" data-element_type=\"widget\" data-e-type=\"widget\" data-settings=\"{&quot;_transform_rotateZ_effect&quot;:{&quot;unit&quot;:&quot;px&quot;,&quot;size&quot;:-1,&quot;sizes&quot;:[]},&quot;_transform_rotateZ_effect_tablet&quot;:{&quot;unit&quot;:&quot;deg&quot;,&quot;size&quot;:&quot;&quot;,&quot;sizes&quot;:[]},&quot;_transform_rotateZ_effect_mobile&quot;:{&quot;unit&quot;:&quot;deg&quot;,&quot;size&quot;:&quot;&quot;,&quot;sizes&quot;:[]}}\" data-widget_type=\"text-editor.default\">\n\t\t\t\t<div class=\"elementor-widget-container\">\n\t\t\t\t\t\t\t\t\t<p><strong>Teichenn\u00e9, S.A.<\/strong> ha adequat aquesta web a les exig\u00e8ncies de la Llei Org\u00e0nica 3\/2018, del 5 de desembre, de Protecci\u00f3 de Dades de Car\u00e0cter Personal i Garantia del Drets Digitals (LOPDGDD). Tamb\u00e9 compleix amb el Reglament (UE) 2016\/679 del Parlament Europeu i del Consell del 27 d\u2019abril de 2016 relatiu a la protecci\u00f3 de les persones f\u00edsiques (RGPD).<\/p>\t\t\t\t\t\t\t\t<\/div>\n\t\t\t\t<\/div>\n\t\t\t\t<div class=\"elementor-element elementor-element-15a1287 elementor-widget elementor-widget-heading\" data-id=\"15a1287\" data-element_type=\"widget\" data-e-type=\"widget\" data-widget_type=\"heading.default\">\n\t\t\t\t<div class=\"elementor-widget-container\">\n\t\t\t\t\t<h2 class=\"elementor-heading-title elementor-size-default\">Responsable del tractament de les seves dades personals<\/h2>\t\t\t\t<\/div>\n\t\t\t\t<\/div>\n\t\t\t\t<div class=\"elementor-element elementor-element-4760145 e-transform e-transform elementor-widget elementor-widget-text-editor\" data-id=\"4760145\" data-element_type=\"widget\" data-e-type=\"widget\" data-settings=\"{&quot;_transform_rotateZ_effect&quot;:{&quot;unit&quot;:&quot;px&quot;,&quot;size&quot;:1,&quot;sizes&quot;:[]},&quot;_transform_scale_effect_mobile&quot;:{&quot;unit&quot;:&quot;px&quot;,&quot;size&quot;:0.8,&quot;sizes&quot;:[]},&quot;_transform_rotateZ_effect_tablet&quot;:{&quot;unit&quot;:&quot;deg&quot;,&quot;size&quot;:&quot;&quot;,&quot;sizes&quot;:[]},&quot;_transform_rotateZ_effect_mobile&quot;:{&quot;unit&quot;:&quot;deg&quot;,&quot;size&quot;:&quot;&quot;,&quot;sizes&quot;:[]},&quot;_transform_scale_effect&quot;:{&quot;unit&quot;:&quot;px&quot;,&quot;size&quot;:&quot;&quot;,&quot;sizes&quot;:[]},&quot;_transform_scale_effect_tablet&quot;:{&quot;unit&quot;:&quot;px&quot;,&quot;size&quot;:&quot;&quot;,&quot;sizes&quot;:[]}}\" data-widget_type=\"text-editor.default\">\n\t\t\t\t<div class=\"elementor-widget-container\">\n\t\t\t\t\t\t\t\t\t<ul><li><strong>Nom comercial:\u00a0<\/strong> Teichenn\u00e9, S.A.<\/li><li><strong>NIF\/CIF:<\/strong>\u00a0A08097180<\/li><li><strong>Direcci\u00f3:\u00a0<\/strong>Ctra. N-340 Km 1194,8 \u2013 43719 Bellvei del Pened\u00e8s (Tarragona)<\/li><li><strong>Correu electr\u00f2nic:<\/strong> heretic@hereticherbsliqueur.com<\/li><li><strong>Activitat:\u00a0<\/strong>Fabricaci\u00f3 de Licors (CNAE 1101)<\/li><\/ul>\t\t\t\t\t\t\t\t<\/div>\n\t\t\t\t<\/div>\n\t\t\t\t<div class=\"elementor-element elementor-element-67d3db7 e-transform elementor-widget elementor-widget-text-editor\" data-id=\"67d3db7\" data-element_type=\"widget\" data-e-type=\"widget\" data-settings=\"{&quot;_transform_rotateZ_effect&quot;:{&quot;unit&quot;:&quot;px&quot;,&quot;size&quot;:0,&quot;sizes&quot;:[]},&quot;_transform_rotateZ_effect_tablet&quot;:{&quot;unit&quot;:&quot;deg&quot;,&quot;size&quot;:&quot;&quot;,&quot;sizes&quot;:[]},&quot;_transform_rotateZ_effect_mobile&quot;:{&quot;unit&quot;:&quot;deg&quot;,&quot;size&quot;:&quot;&quot;,&quot;sizes&quot;:[]}}\" data-widget_type=\"text-editor.default\">\n\t\t\t\t<div class=\"elementor-widget-container\">\n\t\t\t\t\t\t\t\t\t<p>A efectes de lo previst en el Reglament General de Protecci\u00f3 de dades citat avan\u00e7, les dades personals que ens faci arribar mitjan\u00e7ant els formularis de la web rebran el tractament de dades com \u201cUsuaris del web\u201d.\u00a0<br \/>Per el tractament de les dades dels nostres usuaris implementem totes les mesures t\u00e8cniques i organitzatives de seguretat establertes a la legislaci\u00f3 vigent.<\/p>\t\t\t\t\t\t\t\t<\/div>\n\t\t\t\t<\/div>\n\t\t\t\t<div class=\"elementor-element elementor-element-7d80e2f elementor-widget elementor-widget-image\" data-id=\"7d80e2f\" data-element_type=\"widget\" data-e-type=\"widget\" data-widget_type=\"image.default\">\n\t\t\t\t<div class=\"elementor-widget-container\">\n\t\t\t\t\t\t\t\t\t\t\t\t\t\t\t<img fetchpriority=\"high\" decoding=\"async\" width=\"800\" height=\"749\" src=\"https:\/\/i0.wp.com\/www.hereticherbsliqueur.com\/wp-content\/uploads\/2022\/02\/cropped-creus.png?fit=800%2C749&amp;ssl=1\" class=\"attachment-large size-large wp-image-3059\" alt=\"\" srcset=\"https:\/\/i0.wp.com\/www.hereticherbsliqueur.com\/wp-content\/uploads\/2022\/02\/cropped-creus.png?w=1202&amp;ssl=1 1202w, https:\/\/i0.wp.com\/www.hereticherbsliqueur.com\/wp-content\/uploads\/2022\/02\/cropped-creus.png?resize=900%2C843&amp;ssl=1 900w, https:\/\/i0.wp.com\/www.hereticherbsliqueur.com\/wp-content\/uploads\/2022\/02\/cropped-creus.png?resize=300%2C281&amp;ssl=1 300w\" sizes=\"(max-width: 800px) 100vw, 800px\" \/>\t\t\t\t\t\t\t\t\t\t\t\t\t\t\t<\/div>\n\t\t\t\t<\/div>\n\t\t\t\t\t<\/div>\n\t\t<\/div>\n\t\t\t\t<div class=\"elementor-column elementor-col-50 elementor-inner-column elementor-element elementor-element-3eb6be3\" data-id=\"3eb6be3\" data-element_type=\"column\" data-e-type=\"column\">\n\t\t\t<div class=\"elementor-widget-wrap elementor-element-populated\">\n\t\t\t\t\t\t<div class=\"elementor-element elementor-element-f3c9759 elementor-widget elementor-widget-heading\" data-id=\"f3c9759\" data-element_type=\"widget\" data-e-type=\"widget\" data-widget_type=\"heading.default\">\n\t\t\t\t<div class=\"elementor-widget-container\">\n\t\t\t\t\t<h2 class=\"elementor-heading-title elementor-size-default\">Com hem aconseguit les seves dades? <\/h2>\t\t\t\t<\/div>\n\t\t\t\t<\/div>\n\t\t\t\t<div class=\"elementor-element elementor-element-6903c34 e-transform e-transform elementor-widget elementor-widget-text-editor\" data-id=\"6903c34\" data-element_type=\"widget\" data-e-type=\"widget\" data-settings=\"{&quot;_transform_rotateZ_effect&quot;:{&quot;unit&quot;:&quot;px&quot;,&quot;size&quot;:1,&quot;sizes&quot;:[]},&quot;_transform_skewX_effect&quot;:{&quot;unit&quot;:&quot;px&quot;,&quot;size&quot;:0,&quot;sizes&quot;:[]},&quot;_transform_rotateZ_effect_tablet&quot;:{&quot;unit&quot;:&quot;deg&quot;,&quot;size&quot;:&quot;&quot;,&quot;sizes&quot;:[]},&quot;_transform_rotateZ_effect_mobile&quot;:{&quot;unit&quot;:&quot;deg&quot;,&quot;size&quot;:&quot;&quot;,&quot;sizes&quot;:[]},&quot;_transform_skewX_effect_tablet&quot;:{&quot;unit&quot;:&quot;deg&quot;,&quot;size&quot;:&quot;&quot;,&quot;sizes&quot;:[]},&quot;_transform_skewX_effect_mobile&quot;:{&quot;unit&quot;:&quot;deg&quot;,&quot;size&quot;:&quot;&quot;,&quot;sizes&quot;:[]},&quot;_transform_skewY_effect&quot;:{&quot;unit&quot;:&quot;px&quot;,&quot;size&quot;:&quot;&quot;,&quot;sizes&quot;:[]},&quot;_transform_skewY_effect_tablet&quot;:{&quot;unit&quot;:&quot;deg&quot;,&quot;size&quot;:&quot;&quot;,&quot;sizes&quot;:[]},&quot;_transform_skewY_effect_mobile&quot;:{&quot;unit&quot;:&quot;deg&quot;,&quot;size&quot;:&quot;&quot;,&quot;sizes&quot;:[]}}\" data-widget_type=\"text-editor.default\">\n\t\t\t\t<div class=\"elementor-widget-container\">\n\t\t\t\t\t\t\t\t\t<p>Les dades personals que tractem a <strong>Teichenn\u00e9, S.A<\/strong>. procedeixen de:<\/p><ul><li>Formulari de contacte de la web <span style=\"text-decoration: underline;\"><strong>https:\/\/www.hereticherbsliqueur.com<\/strong><\/span><\/li><li>Curriculum Vitae<\/li><li>Formularis de sol\u00b7licitud de serveis per mitjans telef\u00f2nics o personals<\/li><\/ul>\t\t\t\t\t\t\t\t<\/div>\n\t\t\t\t<\/div>\n\t\t\t\t<div class=\"elementor-element elementor-element-7d11484 e-transform elementor-widget elementor-widget-heading\" data-id=\"7d11484\" data-element_type=\"widget\" data-e-type=\"widget\" data-settings=\"{&quot;_transform_rotateZ_effect&quot;:{&quot;unit&quot;:&quot;px&quot;,&quot;size&quot;:-1,&quot;sizes&quot;:[]},&quot;_transform_rotateZ_effect_tablet&quot;:{&quot;unit&quot;:&quot;deg&quot;,&quot;size&quot;:&quot;&quot;,&quot;sizes&quot;:[]},&quot;_transform_rotateZ_effect_mobile&quot;:{&quot;unit&quot;:&quot;deg&quot;,&quot;size&quot;:&quot;&quot;,&quot;sizes&quot;:[]}}\" data-widget_type=\"heading.default\">\n\t\t\t\t<div class=\"elementor-widget-container\">\n\t\t\t\t\t<h2 class=\"elementor-heading-title elementor-size-default\">Quins son els seus drets quan ens facilita les seves dades?<\/h2>\t\t\t\t<\/div>\n\t\t\t\t<\/div>\n\t\t\t\t<div class=\"elementor-element elementor-element-19d8786 e-transform e-transform elementor-widget elementor-widget-text-editor\" data-id=\"19d8786\" data-element_type=\"widget\" data-e-type=\"widget\" data-settings=\"{&quot;_transform_rotateZ_effect&quot;:{&quot;unit&quot;:&quot;px&quot;,&quot;size&quot;:1,&quot;sizes&quot;:[]},&quot;_transform_skewX_effect&quot;:{&quot;unit&quot;:&quot;px&quot;,&quot;size&quot;:0,&quot;sizes&quot;:[]},&quot;_transform_rotateZ_effect_tablet&quot;:{&quot;unit&quot;:&quot;deg&quot;,&quot;size&quot;:&quot;&quot;,&quot;sizes&quot;:[]},&quot;_transform_rotateZ_effect_mobile&quot;:{&quot;unit&quot;:&quot;deg&quot;,&quot;size&quot;:&quot;&quot;,&quot;sizes&quot;:[]},&quot;_transform_skewX_effect_tablet&quot;:{&quot;unit&quot;:&quot;deg&quot;,&quot;size&quot;:&quot;&quot;,&quot;sizes&quot;:[]},&quot;_transform_skewX_effect_mobile&quot;:{&quot;unit&quot;:&quot;deg&quot;,&quot;size&quot;:&quot;&quot;,&quot;sizes&quot;:[]},&quot;_transform_skewY_effect&quot;:{&quot;unit&quot;:&quot;px&quot;,&quot;size&quot;:&quot;&quot;,&quot;sizes&quot;:[]},&quot;_transform_skewY_effect_tablet&quot;:{&quot;unit&quot;:&quot;deg&quot;,&quot;size&quot;:&quot;&quot;,&quot;sizes&quot;:[]},&quot;_transform_skewY_effect_mobile&quot;:{&quot;unit&quot;:&quot;deg&quot;,&quot;size&quot;:&quot;&quot;,&quot;sizes&quot;:[]}}\" data-widget_type=\"text-editor.default\">\n\t\t\t\t<div class=\"elementor-widget-container\">\n\t\t\t\t\t\t\t\t\tQualsevol persona te dret a obtenir confirmaci\u00f3 envers si a Teichenn\u00e9, S.A. tractem dades personals que el concerneixin o no.\nLes persones interessades tenen dret a:\t\t\t\t\t\t\t\t<\/div>\n\t\t\t\t<\/div>\n\t\t\t\t<div class=\"elementor-element elementor-element-b6bdeb2 e-transform e-transform elementor-widget elementor-widget-text-editor\" data-id=\"b6bdeb2\" data-element_type=\"widget\" data-e-type=\"widget\" data-settings=\"{&quot;_transform_rotateZ_effect&quot;:{&quot;unit&quot;:&quot;px&quot;,&quot;size&quot;:1,&quot;sizes&quot;:[]},&quot;_transform_skewX_effect&quot;:{&quot;unit&quot;:&quot;px&quot;,&quot;size&quot;:0,&quot;sizes&quot;:[]},&quot;_transform_rotateZ_effect_tablet&quot;:{&quot;unit&quot;:&quot;deg&quot;,&quot;size&quot;:&quot;&quot;,&quot;sizes&quot;:[]},&quot;_transform_rotateZ_effect_mobile&quot;:{&quot;unit&quot;:&quot;deg&quot;,&quot;size&quot;:&quot;&quot;,&quot;sizes&quot;:[]},&quot;_transform_skewX_effect_tablet&quot;:{&quot;unit&quot;:&quot;deg&quot;,&quot;size&quot;:&quot;&quot;,&quot;sizes&quot;:[]},&quot;_transform_skewX_effect_mobile&quot;:{&quot;unit&quot;:&quot;deg&quot;,&quot;size&quot;:&quot;&quot;,&quot;sizes&quot;:[]},&quot;_transform_skewY_effect&quot;:{&quot;unit&quot;:&quot;px&quot;,&quot;size&quot;:&quot;&quot;,&quot;sizes&quot;:[]},&quot;_transform_skewY_effect_tablet&quot;:{&quot;unit&quot;:&quot;deg&quot;,&quot;size&quot;:&quot;&quot;,&quot;sizes&quot;:[]},&quot;_transform_skewY_effect_mobile&quot;:{&quot;unit&quot;:&quot;deg&quot;,&quot;size&quot;:&quot;&quot;,&quot;sizes&quot;:[]}}\" data-widget_type=\"text-editor.default\">\n\t\t\t\t<div class=\"elementor-widget-container\">\n\t\t\t\t\t\t\t\t\t<ul class=\"ul1\"><li class=\"li1\"><span class=\"s2\">Sol\u00b7licitar l\u2019acc\u00e9s a les seves dades personals<\/span><\/li><\/ul>\t\t\t\t\t\t\t\t<\/div>\n\t\t\t\t<\/div>\n\t\t\t\t<div class=\"elementor-element elementor-element-0f43a13 e-transform e-transform elementor-widget elementor-widget-text-editor\" data-id=\"0f43a13\" data-element_type=\"widget\" data-e-type=\"widget\" data-settings=\"{&quot;_transform_rotateZ_effect&quot;:{&quot;unit&quot;:&quot;px&quot;,&quot;size&quot;:1,&quot;sizes&quot;:[]},&quot;_transform_skewX_effect&quot;:{&quot;unit&quot;:&quot;px&quot;,&quot;size&quot;:0,&quot;sizes&quot;:[]},&quot;_transform_rotateZ_effect_tablet&quot;:{&quot;unit&quot;:&quot;deg&quot;,&quot;size&quot;:&quot;&quot;,&quot;sizes&quot;:[]},&quot;_transform_rotateZ_effect_mobile&quot;:{&quot;unit&quot;:&quot;deg&quot;,&quot;size&quot;:&quot;&quot;,&quot;sizes&quot;:[]},&quot;_transform_skewX_effect_tablet&quot;:{&quot;unit&quot;:&quot;deg&quot;,&quot;size&quot;:&quot;&quot;,&quot;sizes&quot;:[]},&quot;_transform_skewX_effect_mobile&quot;:{&quot;unit&quot;:&quot;deg&quot;,&quot;size&quot;:&quot;&quot;,&quot;sizes&quot;:[]},&quot;_transform_skewY_effect&quot;:{&quot;unit&quot;:&quot;px&quot;,&quot;size&quot;:&quot;&quot;,&quot;sizes&quot;:[]},&quot;_transform_skewY_effect_tablet&quot;:{&quot;unit&quot;:&quot;deg&quot;,&quot;size&quot;:&quot;&quot;,&quot;sizes&quot;:[]},&quot;_transform_skewY_effect_mobile&quot;:{&quot;unit&quot;:&quot;deg&quot;,&quot;size&quot;:&quot;&quot;,&quot;sizes&quot;:[]}}\" data-widget_type=\"text-editor.default\">\n\t\t\t\t<div class=\"elementor-widget-container\">\n\t\t\t\t\t\t\t\t\t<ul class=\"ul1\">\n \t<li class=\"li1\"><span class=\"s2\"> Sol\u00b7licitar la seva rectificaci\u00f3 o supressi\u00f3. <\/span><\/li>\n<\/ul>\t\t\t\t\t\t\t\t<\/div>\n\t\t\t\t<\/div>\n\t\t\t\t<div class=\"elementor-element elementor-element-eee72b1 e-transform e-transform elementor-widget elementor-widget-text-editor\" data-id=\"eee72b1\" data-element_type=\"widget\" data-e-type=\"widget\" data-settings=\"{&quot;_transform_rotateZ_effect&quot;:{&quot;unit&quot;:&quot;px&quot;,&quot;size&quot;:2,&quot;sizes&quot;:[]},&quot;_transform_skewX_effect&quot;:{&quot;unit&quot;:&quot;px&quot;,&quot;size&quot;:0,&quot;sizes&quot;:[]},&quot;_transform_rotateZ_effect_tablet&quot;:{&quot;unit&quot;:&quot;deg&quot;,&quot;size&quot;:&quot;&quot;,&quot;sizes&quot;:[]},&quot;_transform_rotateZ_effect_mobile&quot;:{&quot;unit&quot;:&quot;deg&quot;,&quot;size&quot;:&quot;&quot;,&quot;sizes&quot;:[]},&quot;_transform_skewX_effect_tablet&quot;:{&quot;unit&quot;:&quot;deg&quot;,&quot;size&quot;:&quot;&quot;,&quot;sizes&quot;:[]},&quot;_transform_skewX_effect_mobile&quot;:{&quot;unit&quot;:&quot;deg&quot;,&quot;size&quot;:&quot;&quot;,&quot;sizes&quot;:[]},&quot;_transform_skewY_effect&quot;:{&quot;unit&quot;:&quot;px&quot;,&quot;size&quot;:&quot;&quot;,&quot;sizes&quot;:[]},&quot;_transform_skewY_effect_tablet&quot;:{&quot;unit&quot;:&quot;deg&quot;,&quot;size&quot;:&quot;&quot;,&quot;sizes&quot;:[]},&quot;_transform_skewY_effect_mobile&quot;:{&quot;unit&quot;:&quot;deg&quot;,&quot;size&quot;:&quot;&quot;,&quot;sizes&quot;:[]}}\" data-widget_type=\"text-editor.default\">\n\t\t\t\t<div class=\"elementor-widget-container\">\n\t\t\t\t\t\t\t\t\t<ul class=\"ul1\">\n \t<li class=\"li1\"><span class=\"s2\"> Sol\u00b7licitar la limitaci\u00f3 del seu tractament. <\/span><\/li>\n<\/ul>\t\t\t\t\t\t\t\t<\/div>\n\t\t\t\t<\/div>\n\t\t\t\t<div class=\"elementor-element elementor-element-475b4ba e-transform e-transform elementor-widget elementor-widget-text-editor\" data-id=\"475b4ba\" data-element_type=\"widget\" data-e-type=\"widget\" data-settings=\"{&quot;_transform_rotateZ_effect&quot;:{&quot;unit&quot;:&quot;px&quot;,&quot;size&quot;:2,&quot;sizes&quot;:[]},&quot;_transform_skewX_effect&quot;:{&quot;unit&quot;:&quot;px&quot;,&quot;size&quot;:0,&quot;sizes&quot;:[]},&quot;_transform_rotateZ_effect_tablet&quot;:{&quot;unit&quot;:&quot;deg&quot;,&quot;size&quot;:&quot;&quot;,&quot;sizes&quot;:[]},&quot;_transform_rotateZ_effect_mobile&quot;:{&quot;unit&quot;:&quot;deg&quot;,&quot;size&quot;:&quot;&quot;,&quot;sizes&quot;:[]},&quot;_transform_skewX_effect_tablet&quot;:{&quot;unit&quot;:&quot;deg&quot;,&quot;size&quot;:&quot;&quot;,&quot;sizes&quot;:[]},&quot;_transform_skewX_effect_mobile&quot;:{&quot;unit&quot;:&quot;deg&quot;,&quot;size&quot;:&quot;&quot;,&quot;sizes&quot;:[]},&quot;_transform_skewY_effect&quot;:{&quot;unit&quot;:&quot;px&quot;,&quot;size&quot;:&quot;&quot;,&quot;sizes&quot;:[]},&quot;_transform_skewY_effect_tablet&quot;:{&quot;unit&quot;:&quot;deg&quot;,&quot;size&quot;:&quot;&quot;,&quot;sizes&quot;:[]},&quot;_transform_skewY_effect_mobile&quot;:{&quot;unit&quot;:&quot;deg&quot;,&quot;size&quot;:&quot;&quot;,&quot;sizes&quot;:[]}}\" data-widget_type=\"text-editor.default\">\n\t\t\t\t<div class=\"elementor-widget-container\">\n\t\t\t\t\t\t\t\t\t<ul class=\"ul1\">\n \t<li class=\"li1\"><span class=\"s2\"> Oposar-se al tractament. <\/span><\/li>\n<\/ul>\t\t\t\t\t\t\t\t<\/div>\n\t\t\t\t<\/div>\n\t\t\t\t<div class=\"elementor-element elementor-element-5ea58e4 e-transform e-transform elementor-widget elementor-widget-text-editor\" data-id=\"5ea58e4\" data-element_type=\"widget\" data-e-type=\"widget\" data-settings=\"{&quot;_transform_rotateZ_effect&quot;:{&quot;unit&quot;:&quot;px&quot;,&quot;size&quot;:0,&quot;sizes&quot;:[]},&quot;_transform_skewX_effect&quot;:{&quot;unit&quot;:&quot;px&quot;,&quot;size&quot;:0,&quot;sizes&quot;:[]},&quot;_transform_rotateZ_effect_tablet&quot;:{&quot;unit&quot;:&quot;deg&quot;,&quot;size&quot;:&quot;&quot;,&quot;sizes&quot;:[]},&quot;_transform_rotateZ_effect_mobile&quot;:{&quot;unit&quot;:&quot;deg&quot;,&quot;size&quot;:&quot;&quot;,&quot;sizes&quot;:[]},&quot;_transform_skewX_effect_tablet&quot;:{&quot;unit&quot;:&quot;deg&quot;,&quot;size&quot;:&quot;&quot;,&quot;sizes&quot;:[]},&quot;_transform_skewX_effect_mobile&quot;:{&quot;unit&quot;:&quot;deg&quot;,&quot;size&quot;:&quot;&quot;,&quot;sizes&quot;:[]},&quot;_transform_skewY_effect&quot;:{&quot;unit&quot;:&quot;px&quot;,&quot;size&quot;:&quot;&quot;,&quot;sizes&quot;:[]},&quot;_transform_skewY_effect_tablet&quot;:{&quot;unit&quot;:&quot;deg&quot;,&quot;size&quot;:&quot;&quot;,&quot;sizes&quot;:[]},&quot;_transform_skewY_effect_mobile&quot;:{&quot;unit&quot;:&quot;deg&quot;,&quot;size&quot;:&quot;&quot;,&quot;sizes&quot;:[]}}\" data-widget_type=\"text-editor.default\">\n\t\t\t\t<div class=\"elementor-widget-container\">\n\t\t\t\t\t\t\t\t\t<ul class=\"ul1\">\n \t<li class=\"li1\"><span class=\"s2\"><strike>Solicitar<\/strike>Sol\u00b7licitar la portabilitat de les seves dades.<\/span><\/li>\n<\/ul>\t\t\t\t\t\t\t\t<\/div>\n\t\t\t\t<\/div>\n\t\t\t\t<div class=\"elementor-element elementor-element-953ef6d e-transform e-transform elementor-widget elementor-widget-text-editor\" data-id=\"953ef6d\" data-element_type=\"widget\" data-e-type=\"widget\" data-settings=\"{&quot;_transform_rotateZ_effect&quot;:{&quot;unit&quot;:&quot;px&quot;,&quot;size&quot;:0,&quot;sizes&quot;:[]},&quot;_transform_skewX_effect&quot;:{&quot;unit&quot;:&quot;px&quot;,&quot;size&quot;:0,&quot;sizes&quot;:[]},&quot;_transform_rotateZ_effect_tablet&quot;:{&quot;unit&quot;:&quot;deg&quot;,&quot;size&quot;:&quot;&quot;,&quot;sizes&quot;:[]},&quot;_transform_rotateZ_effect_mobile&quot;:{&quot;unit&quot;:&quot;deg&quot;,&quot;size&quot;:&quot;&quot;,&quot;sizes&quot;:[]},&quot;_transform_skewX_effect_tablet&quot;:{&quot;unit&quot;:&quot;deg&quot;,&quot;size&quot;:&quot;&quot;,&quot;sizes&quot;:[]},&quot;_transform_skewX_effect_mobile&quot;:{&quot;unit&quot;:&quot;deg&quot;,&quot;size&quot;:&quot;&quot;,&quot;sizes&quot;:[]},&quot;_transform_skewY_effect&quot;:{&quot;unit&quot;:&quot;px&quot;,&quot;size&quot;:&quot;&quot;,&quot;sizes&quot;:[]},&quot;_transform_skewY_effect_tablet&quot;:{&quot;unit&quot;:&quot;deg&quot;,&quot;size&quot;:&quot;&quot;,&quot;sizes&quot;:[]},&quot;_transform_skewY_effect_mobile&quot;:{&quot;unit&quot;:&quot;deg&quot;,&quot;size&quot;:&quot;&quot;,&quot;sizes&quot;:[]}}\" data-widget_type=\"text-editor.default\">\n\t\t\t\t<div class=\"elementor-widget-container\">\n\t\t\t\t\t\t\t\t\t<ul class=\"ul1\">\n \t<li class=\"li1\"><span class=\"s2\"> Refusar el tractament automatitzat de les seves dades personals recollides.<\/span><\/li>\n<\/ul>\t\t\t\t\t\t\t\t<\/div>\n\t\t\t\t<\/div>\n\t\t\t\t<div class=\"elementor-element elementor-element-769f275 elementor-widget elementor-widget-text-editor\" data-id=\"769f275\" data-element_type=\"widget\" data-e-type=\"widget\" data-widget_type=\"text-editor.default\">\n\t\t\t\t<div class=\"elementor-widget-container\">\n\t\t\t\t\t\t\t\t\t<p>Els interessats podran <strong>accedir<\/strong> a les seves dades personals, aix\u00ed com sol\u00b7licitar la <strong>rectificaci\u00f3<\/strong> de dades inexactes o, sol\u00b7licitar la <strong>supressi\u00f3<\/strong> sempre i quan, entre altres motius, les dades ja no siguin necess\u00e0ries per a les finalitats per les qual van ser recollides.\u00a0<br \/>En determinades circumstancies, els interessats podran sol\u00b7licitar la <strong>limitaci\u00f3<\/strong> del tractament de les seves dades, i en aquest cas, \u00fanicament es conservaran per el exercici o la defensa de posteriors reclamacions.<br \/>Tamb\u00e9 per motius relacionats amb la seva situaci\u00f3 particular, els interessats podran <strong>oposar-se<\/strong> al tractament de les seves dades. <strong>Teichenn\u00e9, S.A.<\/strong> deixar\u00e0 de tractar les dades, exceptuant motius leg\u00edtims imperiosos, o en l\u2019exercici o defensa de possibles reclamacions. Tamb\u00e9 podran sol\u00b7licitar la <strong>portabilitat<\/strong> d\u2019aquestes dades. De la mateixa manera, podran <strong>refusar<\/strong> que les seves dades siguin tractades de <strong>manera<\/strong> autom\u00e0tica per tal de crear perfils.<br \/>Els interessats tindran dret a la tutela judicial efectiva i si considera que el tractament de les seves dades personals infringeix el Reglament, pot presentar una reclamaci\u00f3 davant l\u2019autoritat de control, sent en aquest cas, l\u2019Agencia Espanyola de Protecci\u00f3 de dades.<br \/>Podr\u00e0 exercir els seus drets per correu electr\u00f2nic a <a href=\"mailto:heretic@hereticherbsliqueur.com\"><strong>heretic@hereticherbsliqueur.com<\/strong><\/a><\/p>\t\t\t\t\t\t\t\t<\/div>\n\t\t\t\t<\/div>\n\t\t\t\t<div class=\"elementor-element elementor-element-a702568 elementor-widget elementor-widget-heading\" data-id=\"a702568\" data-element_type=\"widget\" data-e-type=\"widget\" data-widget_type=\"heading.default\">\n\t\t\t\t<div class=\"elementor-widget-container\">\n\t\t\t\t\t<h2 class=\"elementor-heading-title elementor-size-default\">Amb quina finalitat tractem les seves dades personals<\/h2>\t\t\t\t<\/div>\n\t\t\t\t<\/div>\n\t\t\t\t<div class=\"elementor-element elementor-element-cbd1da0 e-transform e-transform elementor-widget elementor-widget-text-editor\" data-id=\"cbd1da0\" data-element_type=\"widget\" data-e-type=\"widget\" data-settings=\"{&quot;_transform_rotateZ_effect&quot;:{&quot;unit&quot;:&quot;px&quot;,&quot;size&quot;:3,&quot;sizes&quot;:[]},&quot;_transform_translateX_effect&quot;:{&quot;unit&quot;:&quot;px&quot;,&quot;size&quot;:-12,&quot;sizes&quot;:[]},&quot;_transform_rotateZ_effect_tablet&quot;:{&quot;unit&quot;:&quot;deg&quot;,&quot;size&quot;:&quot;&quot;,&quot;sizes&quot;:[]},&quot;_transform_rotateZ_effect_mobile&quot;:{&quot;unit&quot;:&quot;deg&quot;,&quot;size&quot;:&quot;&quot;,&quot;sizes&quot;:[]},&quot;_transform_translateX_effect_tablet&quot;:{&quot;unit&quot;:&quot;px&quot;,&quot;size&quot;:&quot;&quot;,&quot;sizes&quot;:[]},&quot;_transform_translateX_effect_mobile&quot;:{&quot;unit&quot;:&quot;px&quot;,&quot;size&quot;:&quot;&quot;,&quot;sizes&quot;:[]},&quot;_transform_translateY_effect&quot;:{&quot;unit&quot;:&quot;px&quot;,&quot;size&quot;:&quot;&quot;,&quot;sizes&quot;:[]},&quot;_transform_translateY_effect_tablet&quot;:{&quot;unit&quot;:&quot;px&quot;,&quot;size&quot;:&quot;&quot;,&quot;sizes&quot;:[]},&quot;_transform_translateY_effect_mobile&quot;:{&quot;unit&quot;:&quot;px&quot;,&quot;size&quot;:&quot;&quot;,&quot;sizes&quot;:[]}}\" data-widget_type=\"text-editor.default\">\n\t\t\t\t<div class=\"elementor-widget-container\">\n\t\t\t\t\t\t\t\t\t<p>Quan un usuari es connecta amb aquesta web, per exemple per posar-se en contacte amb nosaltres, est\u00e0 facilitant informaci\u00f3 de car\u00e0cter personal de la qual \u00e9s responsable <strong>Teichenn\u00e9, S.A.<\/strong> Aquesta informaci\u00f3 pot incloure dades de car\u00e0cter personal com poden ser la seva adre\u00e7a IP, nom, adre\u00e7a de correu electr\u00f2nic, n\u00famero de tel\u00e8fon i altra informaci\u00f3. Al facilitar aquesta informaci\u00f3, l&#8217;usuari d\u00f3na el seu consentiment perqu\u00e8 la seva informaci\u00f3 sigui recopilada, utilitzada, gestionada i emmagatzemada per<strong> Teichenn\u00e9, S.A.<\/strong> nom\u00e9s com es descriu en la present Pol\u00edtica de Privacitat.<br \/>En<strong> Teichenn\u00e9, S.A.<\/strong> tractem la informaci\u00f3 que ens faciliten les persones interessades amb la seg\u00fcent finalitat:<\/p>\t\t\t\t\t\t\t\t<\/div>\n\t\t\t\t<\/div>\n\t\t\t\t<div class=\"elementor-element elementor-element-bf14ef0 elementor-widget elementor-widget-text-editor\" data-id=\"bf14ef0\" data-element_type=\"widget\" data-e-type=\"widget\" data-widget_type=\"text-editor.default\">\n\t\t\t\t<div class=\"elementor-widget-container\">\n\t\t\t\t\t\t\t\t\t<ul><li><strong>Formulari de contacte:<\/strong> Sol\u00b7licitem les seg\u00fcents dades personals: nom, mail i tel\u00e8fon per respondre als requeriments dels usuaris de la web <span style=\"text-decoration: underline;\"><a href=\"https:\/\/www.hereticherbsliqueur.com\">https:\/\/www.hereticherbsliqueur.com<\/a><\/span>. Per exemple, podem utilitzar aquestes dades per respondre a la seva sol\u00b7licitud i donar resposta als dubtes, queixes, comentaris o inquietuds que pugui tenir relatives a la informaci\u00f3 inclosa a la web, els serveis que es presten a trav\u00e9s de la web, el tractament de les seves dades personals, q\u00fcestions referents als textos legals inclosos a la web, aix\u00ed com qualsevol altres consultes que pugui tenir i que no estiguin subjectes a les condicions de contractaci\u00f3. L&#8217;informem que les dades que ens faciliti estaran ubicades en els servidors de L\u00cdNEA GR\u00c1FICA, S.L. (prove\u00efdor de hosting de <strong>Teichenn\u00e9, S.A.<\/strong>) dins de la UE.<\/li><\/ul>\t\t\t\t\t\t\t\t<\/div>\n\t\t\t\t<\/div>\n\t\t\t\t<div class=\"elementor-element elementor-element-19095cf e-transform e-transform elementor-widget elementor-widget-text-editor\" data-id=\"19095cf\" data-element_type=\"widget\" data-e-type=\"widget\" data-settings=\"{&quot;_transform_rotateZ_effect&quot;:{&quot;unit&quot;:&quot;px&quot;,&quot;size&quot;:-1,&quot;sizes&quot;:[]},&quot;_transform_translateX_effect&quot;:{&quot;unit&quot;:&quot;px&quot;,&quot;size&quot;:-11,&quot;sizes&quot;:[]},&quot;_transform_rotateZ_effect_tablet&quot;:{&quot;unit&quot;:&quot;deg&quot;,&quot;size&quot;:&quot;&quot;,&quot;sizes&quot;:[]},&quot;_transform_rotateZ_effect_mobile&quot;:{&quot;unit&quot;:&quot;deg&quot;,&quot;size&quot;:&quot;&quot;,&quot;sizes&quot;:[]},&quot;_transform_translateX_effect_tablet&quot;:{&quot;unit&quot;:&quot;px&quot;,&quot;size&quot;:&quot;&quot;,&quot;sizes&quot;:[]},&quot;_transform_translateX_effect_mobile&quot;:{&quot;unit&quot;:&quot;px&quot;,&quot;size&quot;:&quot;&quot;,&quot;sizes&quot;:[]},&quot;_transform_translateY_effect&quot;:{&quot;unit&quot;:&quot;px&quot;,&quot;size&quot;:&quot;&quot;,&quot;sizes&quot;:[]},&quot;_transform_translateY_effect_tablet&quot;:{&quot;unit&quot;:&quot;px&quot;,&quot;size&quot;:&quot;&quot;,&quot;sizes&quot;:[]},&quot;_transform_translateY_effect_mobile&quot;:{&quot;unit&quot;:&quot;px&quot;,&quot;size&quot;:&quot;&quot;,&quot;sizes&quot;:[]}}\" data-widget_type=\"text-editor.default\">\n\t\t\t\t<div class=\"elementor-widget-container\">\n\t\t\t\t\t\t\t\t\t<ul><li><strong>Curriculum Vitae:<\/strong> Sol\u00b7licitem les seg\u00fcents dades personals: nom, mail, tel\u00e8fon, dades acad\u00e8miques i altres dades necess\u00e0ries per avaluar els seus coneixements i amb la finalitat de formar part en els processos de selecci\u00f3 de personal que es duguin a terme per la nostra part. <strong>Teichenn\u00e9, S.A.<\/strong> tractar\u00e0 les seves dades per analitzar el seu perfil amb la finalitat d&#8217;avaluar determinats aspectes personals d&#8217;una persona f\u00edsica, en particular per analitzar o predir aspectes relatius al rendiment professional, situaci\u00f3 econ\u00f2mica, salut, prefer\u00e8ncies personals, interessos, fiabilitat, comportament, ubicaci\u00f3 o moviments d&#8217;aquesta persona f\u00edsica.<\/li><\/ul>\t\t\t\t\t\t\t\t<\/div>\n\t\t\t\t<\/div>\n\t\t\t\t<div class=\"elementor-element elementor-element-b6a73da e-transform e-transform elementor-widget elementor-widget-text-editor\" data-id=\"b6a73da\" data-element_type=\"widget\" data-e-type=\"widget\" data-settings=\"{&quot;_transform_rotateZ_effect&quot;:{&quot;unit&quot;:&quot;px&quot;,&quot;size&quot;:1,&quot;sizes&quot;:[]},&quot;_transform_translateX_effect&quot;:{&quot;unit&quot;:&quot;px&quot;,&quot;size&quot;:-6,&quot;sizes&quot;:[]},&quot;_transform_translateY_effect&quot;:{&quot;unit&quot;:&quot;px&quot;,&quot;size&quot;:18,&quot;sizes&quot;:[]},&quot;_transform_rotateZ_effect_tablet&quot;:{&quot;unit&quot;:&quot;deg&quot;,&quot;size&quot;:&quot;&quot;,&quot;sizes&quot;:[]},&quot;_transform_rotateZ_effect_mobile&quot;:{&quot;unit&quot;:&quot;deg&quot;,&quot;size&quot;:&quot;&quot;,&quot;sizes&quot;:[]},&quot;_transform_translateX_effect_tablet&quot;:{&quot;unit&quot;:&quot;px&quot;,&quot;size&quot;:&quot;&quot;,&quot;sizes&quot;:[]},&quot;_transform_translateX_effect_mobile&quot;:{&quot;unit&quot;:&quot;px&quot;,&quot;size&quot;:&quot;&quot;,&quot;sizes&quot;:[]},&quot;_transform_translateY_effect_tablet&quot;:{&quot;unit&quot;:&quot;px&quot;,&quot;size&quot;:&quot;&quot;,&quot;sizes&quot;:[]},&quot;_transform_translateY_effect_mobile&quot;:{&quot;unit&quot;:&quot;px&quot;,&quot;size&quot;:&quot;&quot;,&quot;sizes&quot;:[]}}\" data-widget_type=\"text-editor.default\">\n\t\t\t\t<div class=\"elementor-widget-container\">\n\t\t\t\t\t\t\t\t\t<ul><li><strong>Formulari de sol\u00b7licitud de servei:<\/strong> Sol\u00b7licitem les seg\u00fcents dades personals: nom, mail, tel\u00e8fon i altres dades personals per atendre les necessitats de cada usuari. Per exemple, podem utilitzar aquestes dades per dur a terme la seva sol\u00b7licitud i donar el servei requerit. L&#8217;informem que les dades que ens faciliti estaran ubicats en els servidors de L\u00cdNEA GR\u00c1FICA, S.L. (prove\u00efdor de hosting de <strong>Teichenn\u00e9, S.A.<\/strong>) dins de la UE.<\/li><li>\u00a0<\/li><\/ul>\t\t\t\t\t\t\t\t<\/div>\n\t\t\t\t<\/div>\n\t\t\t\t<div class=\"elementor-element elementor-element-eb7f253 e-transform e-transform elementor-widget elementor-widget-heading\" data-id=\"eb7f253\" data-element_type=\"widget\" data-e-type=\"widget\" data-settings=\"{&quot;_transform_rotateZ_effect&quot;:{&quot;unit&quot;:&quot;px&quot;,&quot;size&quot;:-1,&quot;sizes&quot;:[]},&quot;_transform_translateY_effect&quot;:{&quot;unit&quot;:&quot;px&quot;,&quot;size&quot;:24,&quot;sizes&quot;:[]},&quot;_transform_rotateZ_effect_tablet&quot;:{&quot;unit&quot;:&quot;deg&quot;,&quot;size&quot;:&quot;&quot;,&quot;sizes&quot;:[]},&quot;_transform_rotateZ_effect_mobile&quot;:{&quot;unit&quot;:&quot;deg&quot;,&quot;size&quot;:&quot;&quot;,&quot;sizes&quot;:[]},&quot;_transform_translateX_effect&quot;:{&quot;unit&quot;:&quot;px&quot;,&quot;size&quot;:&quot;&quot;,&quot;sizes&quot;:[]},&quot;_transform_translateX_effect_tablet&quot;:{&quot;unit&quot;:&quot;px&quot;,&quot;size&quot;:&quot;&quot;,&quot;sizes&quot;:[]},&quot;_transform_translateX_effect_mobile&quot;:{&quot;unit&quot;:&quot;px&quot;,&quot;size&quot;:&quot;&quot;,&quot;sizes&quot;:[]},&quot;_transform_translateY_effect_tablet&quot;:{&quot;unit&quot;:&quot;px&quot;,&quot;size&quot;:&quot;&quot;,&quot;sizes&quot;:[]},&quot;_transform_translateY_effect_mobile&quot;:{&quot;unit&quot;:&quot;px&quot;,&quot;size&quot;:&quot;&quot;,&quot;sizes&quot;:[]}}\" data-widget_type=\"heading.default\">\n\t\t\t\t<div class=\"elementor-widget-container\">\n\t\t\t\t\t<h2 class=\"elementor-heading-title elementor-size-default\">Quins son els seus drets quan ens facilita les seves dades?<\/h2>\t\t\t\t<\/div>\n\t\t\t\t<\/div>\n\t\t\t\t<div class=\"elementor-element elementor-element-e421d00 e-transform e-transform elementor-widget elementor-widget-text-editor\" data-id=\"e421d00\" data-element_type=\"widget\" data-e-type=\"widget\" data-settings=\"{&quot;_transform_rotateZ_effect&quot;:{&quot;unit&quot;:&quot;px&quot;,&quot;size&quot;:1,&quot;sizes&quot;:[]},&quot;_transform_translateX_effect&quot;:{&quot;unit&quot;:&quot;px&quot;,&quot;size&quot;:-6,&quot;sizes&quot;:[]},&quot;_transform_translateY_effect&quot;:{&quot;unit&quot;:&quot;px&quot;,&quot;size&quot;:18,&quot;sizes&quot;:[]},&quot;_transform_rotateZ_effect_tablet&quot;:{&quot;unit&quot;:&quot;deg&quot;,&quot;size&quot;:&quot;&quot;,&quot;sizes&quot;:[]},&quot;_transform_rotateZ_effect_mobile&quot;:{&quot;unit&quot;:&quot;deg&quot;,&quot;size&quot;:&quot;&quot;,&quot;sizes&quot;:[]},&quot;_transform_translateX_effect_tablet&quot;:{&quot;unit&quot;:&quot;px&quot;,&quot;size&quot;:&quot;&quot;,&quot;sizes&quot;:[]},&quot;_transform_translateX_effect_mobile&quot;:{&quot;unit&quot;:&quot;px&quot;,&quot;size&quot;:&quot;&quot;,&quot;sizes&quot;:[]},&quot;_transform_translateY_effect_tablet&quot;:{&quot;unit&quot;:&quot;px&quot;,&quot;size&quot;:&quot;&quot;,&quot;sizes&quot;:[]},&quot;_transform_translateY_effect_mobile&quot;:{&quot;unit&quot;:&quot;px&quot;,&quot;size&quot;:&quot;&quot;,&quot;sizes&quot;:[]}}\" data-widget_type=\"text-editor.default\">\n\t\t\t\t<div class=\"elementor-widget-container\">\n\t\t\t\t\t\t\t\t\t<ul><li>Per garantir el compliment de les condicions d&#8217;\u00fas i la llei aplicable. Aix\u00f2 pot incloure el desenvolupament d&#8217;eines i algoritmes que ajuden a la nostra empresa a garantir la confidencialitat de les dades personals que recull.<\/li><li>Per donar suport i millorar els serveis que oferim.<\/li><li>Tamb\u00e9 es recullen altres dades no identificatives que s&#8217;obtenen mitjan\u00e7ant algunes galetes (cookies) que es descarreguen a l&#8217;ordinador de l&#8217;usuari quan navega en aquesta web que es detallen en la Pol\u00edtica de Cookies.<p><span style=\"text-decoration: underline;\"><strong>Teichenn\u00e9, S.A.<\/strong>, no ven, lloga ni cedeix dades de car\u00e0cter personal a tercers, sense el consentiment previ, que puguin identificar l&#8217;usuari, ni ho far\u00e0 en el futur. No obstant aix\u00f2, en alguns casos es poden realitzar col\u00b7laboracions amb altres professionals. Si fos aquest el cas, es requerir\u00e0 consentiment als usuaris informant sobre la identitat del col\u00b7laborador i la finalitat de la col\u00b7laboraci\u00f3. Sempre es realitzar\u00e0 amb els m\u00e9s estrictes est\u00e0ndards de seguretat.<\/span><\/p><\/li><\/ul>\t\t\t\t\t\t\t\t<\/div>\n\t\t\t\t<\/div>\n\t\t\t\t\t<\/div>\n\t\t<\/div>\n\t\t\t\t\t<\/div>\n\t\t<\/section>\n\t\t\t\t<div class=\"elementor-element elementor-element-dca5f6c e-transform e-transform elementor-widget elementor-widget-heading\" data-id=\"dca5f6c\" data-element_type=\"widget\" data-e-type=\"widget\" data-settings=\"{&quot;_transform_rotateZ_effect&quot;:{&quot;unit&quot;:&quot;px&quot;,&quot;size&quot;:-1,&quot;sizes&quot;:[]},&quot;_transform_translateY_effect&quot;:{&quot;unit&quot;:&quot;px&quot;,&quot;size&quot;:6,&quot;sizes&quot;:[]},&quot;_transform_rotateZ_effect_tablet&quot;:{&quot;unit&quot;:&quot;deg&quot;,&quot;size&quot;:&quot;&quot;,&quot;sizes&quot;:[]},&quot;_transform_rotateZ_effect_mobile&quot;:{&quot;unit&quot;:&quot;deg&quot;,&quot;size&quot;:&quot;&quot;,&quot;sizes&quot;:[]},&quot;_transform_translateX_effect&quot;:{&quot;unit&quot;:&quot;px&quot;,&quot;size&quot;:&quot;&quot;,&quot;sizes&quot;:[]},&quot;_transform_translateX_effect_tablet&quot;:{&quot;unit&quot;:&quot;px&quot;,&quot;size&quot;:&quot;&quot;,&quot;sizes&quot;:[]},&quot;_transform_translateX_effect_mobile&quot;:{&quot;unit&quot;:&quot;px&quot;,&quot;size&quot;:&quot;&quot;,&quot;sizes&quot;:[]},&quot;_transform_translateY_effect_tablet&quot;:{&quot;unit&quot;:&quot;px&quot;,&quot;size&quot;:&quot;&quot;,&quot;sizes&quot;:[]},&quot;_transform_translateY_effect_mobile&quot;:{&quot;unit&quot;:&quot;px&quot;,&quot;size&quot;:&quot;&quot;,&quot;sizes&quot;:[]}}\" data-widget_type=\"heading.default\">\n\t\t\t\t<div class=\"elementor-widget-container\">\n\t\t\t\t\t<h2 class=\"elementor-heading-title elementor-size-default\">Legitimaci\u00f3 per el tractament de les seves dades<\/h2>\t\t\t\t<\/div>\n\t\t\t\t<\/div>\n\t\t\t\t<div class=\"elementor-element elementor-element-d00d324 e-transform elementor-widget elementor-widget-text-editor\" data-id=\"d00d324\" data-element_type=\"widget\" data-e-type=\"widget\" data-settings=\"{&quot;_transform_translateX_effect&quot;:{&quot;unit&quot;:&quot;px&quot;,&quot;size&quot;:&quot;&quot;,&quot;sizes&quot;:[]},&quot;_transform_translateX_effect_tablet&quot;:{&quot;unit&quot;:&quot;px&quot;,&quot;size&quot;:&quot;&quot;,&quot;sizes&quot;:[]},&quot;_transform_translateX_effect_mobile&quot;:{&quot;unit&quot;:&quot;px&quot;,&quot;size&quot;:&quot;&quot;,&quot;sizes&quot;:[]},&quot;_transform_translateY_effect&quot;:{&quot;unit&quot;:&quot;px&quot;,&quot;size&quot;:&quot;&quot;,&quot;sizes&quot;:[]},&quot;_transform_translateY_effect_tablet&quot;:{&quot;unit&quot;:&quot;px&quot;,&quot;size&quot;:&quot;&quot;,&quot;sizes&quot;:[]},&quot;_transform_translateY_effect_mobile&quot;:{&quot;unit&quot;:&quot;px&quot;,&quot;size&quot;:&quot;&quot;,&quot;sizes&quot;:[]}}\" data-widget_type=\"text-editor.default\">\n\t\t\t\t<div class=\"elementor-widget-container\">\n\t\t\t\t\t\t\t\t\t<p>La base legal per al tractament de les seves dades \u00e9s el <strong>consentiment<\/strong> que se li sol\u00b7licita expressament. A m\u00e9s, l&#8217;oferta prospectiva de productes i serveis pot estar basada en l&#8217;execuci\u00f3 d&#8217;un <strong>contracte signat per ambdues parts<\/strong>.<br \/>Tamb\u00e9 podem publicar la seva imatge en activitats realitzades amb l&#8217;empresa. Si aix\u00f2 passa, ser\u00e0 degudament informat i, si s&#8217;escau, li demanarem el consentiment expl\u00edcit.<br \/>Per contactar amb nosaltres es requereix el consentiment d&#8217;aquesta Pol\u00edtica de Privacitat.<br \/>L&#8217;oferta prospectiva o comercial de productes i serveis est\u00e0 basada tamb\u00e9 en el consentiment que se li sol\u00b7licita, sense que en cap cas la retirada d&#8217;aquest consentiment condicioni l&#8217;execuci\u00f3 del contracte signat. Tamb\u00e9 la contractaci\u00f3 de productes i serveis ser\u00e0 segons els termes i condicions que hi consten a la pol\u00edtica comercial.<\/p>\t\t\t\t\t\t\t\t<\/div>\n\t\t\t\t<\/div>\n\t\t\t\t<div class=\"elementor-element elementor-element-7e8cb73 e-transform e-transform elementor-widget elementor-widget-heading\" data-id=\"7e8cb73\" data-element_type=\"widget\" data-e-type=\"widget\" data-settings=\"{&quot;_transform_rotateZ_effect&quot;:{&quot;unit&quot;:&quot;px&quot;,&quot;size&quot;:0,&quot;sizes&quot;:[]},&quot;_transform_translateY_effect&quot;:{&quot;unit&quot;:&quot;px&quot;,&quot;size&quot;:0,&quot;sizes&quot;:[]},&quot;_transform_rotateZ_effect_tablet&quot;:{&quot;unit&quot;:&quot;deg&quot;,&quot;size&quot;:&quot;&quot;,&quot;sizes&quot;:[]},&quot;_transform_rotateZ_effect_mobile&quot;:{&quot;unit&quot;:&quot;deg&quot;,&quot;size&quot;:&quot;&quot;,&quot;sizes&quot;:[]},&quot;_transform_translateX_effect&quot;:{&quot;unit&quot;:&quot;px&quot;,&quot;size&quot;:&quot;&quot;,&quot;sizes&quot;:[]},&quot;_transform_translateX_effect_tablet&quot;:{&quot;unit&quot;:&quot;px&quot;,&quot;size&quot;:&quot;&quot;,&quot;sizes&quot;:[]},&quot;_transform_translateX_effect_mobile&quot;:{&quot;unit&quot;:&quot;px&quot;,&quot;size&quot;:&quot;&quot;,&quot;sizes&quot;:[]},&quot;_transform_translateY_effect_tablet&quot;:{&quot;unit&quot;:&quot;px&quot;,&quot;size&quot;:&quot;&quot;,&quot;sizes&quot;:[]},&quot;_transform_translateY_effect_mobile&quot;:{&quot;unit&quot;:&quot;px&quot;,&quot;size&quot;:&quot;&quot;,&quot;sizes&quot;:[]}}\" data-widget_type=\"heading.default\">\n\t\t\t\t<div class=\"elementor-widget-container\">\n\t\t\t\t\t<h2 class=\"elementor-heading-title elementor-size-default\">Per quant de temps conservarem les seves dades personals?<\/h2>\t\t\t\t<\/div>\n\t\t\t\t<\/div>\n\t\t\t\t<div class=\"elementor-element elementor-element-a493bb2 e-transform e-transform elementor-widget elementor-widget-text-editor\" data-id=\"a493bb2\" data-element_type=\"widget\" data-e-type=\"widget\" data-settings=\"{&quot;_transform_rotateZ_effect&quot;:{&quot;unit&quot;:&quot;px&quot;,&quot;size&quot;:-1,&quot;sizes&quot;:[]},&quot;_transform_translateX_effect&quot;:{&quot;unit&quot;:&quot;px&quot;,&quot;size&quot;:12,&quot;sizes&quot;:[]},&quot;_transform_rotateZ_effect_tablet&quot;:{&quot;unit&quot;:&quot;deg&quot;,&quot;size&quot;:&quot;&quot;,&quot;sizes&quot;:[]},&quot;_transform_rotateZ_effect_mobile&quot;:{&quot;unit&quot;:&quot;deg&quot;,&quot;size&quot;:&quot;&quot;,&quot;sizes&quot;:[]},&quot;_transform_translateX_effect_tablet&quot;:{&quot;unit&quot;:&quot;px&quot;,&quot;size&quot;:&quot;&quot;,&quot;sizes&quot;:[]},&quot;_transform_translateX_effect_mobile&quot;:{&quot;unit&quot;:&quot;px&quot;,&quot;size&quot;:&quot;&quot;,&quot;sizes&quot;:[]},&quot;_transform_translateY_effect&quot;:{&quot;unit&quot;:&quot;px&quot;,&quot;size&quot;:&quot;&quot;,&quot;sizes&quot;:[]},&quot;_transform_translateY_effect_tablet&quot;:{&quot;unit&quot;:&quot;px&quot;,&quot;size&quot;:&quot;&quot;,&quot;sizes&quot;:[]},&quot;_transform_translateY_effect_mobile&quot;:{&quot;unit&quot;:&quot;px&quot;,&quot;size&quot;:&quot;&quot;,&quot;sizes&quot;:[]}}\" data-widget_type=\"text-editor.default\">\n\t\t\t\t<div class=\"elementor-widget-container\">\n\t\t\t\t\t\t\t\t\t<p>Les dades personals proporcionades es conservaran:<\/p><ul><li>Mentre es mantingui la relaci\u00f3 mercantil.<\/li><li>Mentre el interessat no sol\u00b7liciti la seva supressi\u00f3<br \/><br \/><\/li><\/ul>\t\t\t\t\t\t\t\t<\/div>\n\t\t\t\t<\/div>\n\t\t\t\t<div class=\"elementor-element elementor-element-73b924f e-transform e-transform elementor-widget elementor-widget-text-editor\" data-id=\"73b924f\" data-element_type=\"widget\" data-e-type=\"widget\" data-settings=\"{&quot;_transform_rotateZ_effect&quot;:{&quot;unit&quot;:&quot;px&quot;,&quot;size&quot;:1,&quot;sizes&quot;:[]},&quot;_transform_translateX_effect&quot;:{&quot;unit&quot;:&quot;px&quot;,&quot;size&quot;:12,&quot;sizes&quot;:[]},&quot;_transform_rotateZ_effect_tablet&quot;:{&quot;unit&quot;:&quot;deg&quot;,&quot;size&quot;:&quot;&quot;,&quot;sizes&quot;:[]},&quot;_transform_rotateZ_effect_mobile&quot;:{&quot;unit&quot;:&quot;deg&quot;,&quot;size&quot;:&quot;&quot;,&quot;sizes&quot;:[]},&quot;_transform_translateX_effect_tablet&quot;:{&quot;unit&quot;:&quot;px&quot;,&quot;size&quot;:&quot;&quot;,&quot;sizes&quot;:[]},&quot;_transform_translateX_effect_mobile&quot;:{&quot;unit&quot;:&quot;px&quot;,&quot;size&quot;:&quot;&quot;,&quot;sizes&quot;:[]},&quot;_transform_translateY_effect&quot;:{&quot;unit&quot;:&quot;px&quot;,&quot;size&quot;:&quot;&quot;,&quot;sizes&quot;:[]},&quot;_transform_translateY_effect_tablet&quot;:{&quot;unit&quot;:&quot;px&quot;,&quot;size&quot;:&quot;&quot;,&quot;sizes&quot;:[]},&quot;_transform_translateY_effect_mobile&quot;:{&quot;unit&quot;:&quot;px&quot;,&quot;size&quot;:&quot;&quot;,&quot;sizes&quot;:[]}}\" data-widget_type=\"text-editor.default\">\n\t\t\t\t<div class=\"elementor-widget-container\">\n\t\t\t\t\t\t\t\t\t<p><span style=\"text-decoration: underline;\">Per tant, podem garantir que les seves dades no es conservaran m\u00e9s temps del necessari, sense perjudici de la conservaci\u00f3 que result\u00e9s necess\u00e0ria per a la formulaci\u00f3, l&#8217;exercici o la defensa de potencials reclamacions i \/ o sempre que ho permet\u00e9s la legislaci\u00f3 aplicable.<\/span><\/p>\t\t\t\t\t\t\t\t<\/div>\n\t\t\t\t<\/div>\n\t\t\t\t<section class=\"elementor-section elementor-inner-section elementor-element elementor-element-2b4efc8 elementor-section-boxed elementor-section-height-default elementor-section-height-default\" data-id=\"2b4efc8\" data-element_type=\"section\" data-e-type=\"section\">\n\t\t\t\t\t\t<div class=\"elementor-container elementor-column-gap-default\">\n\t\t\t\t\t<div class=\"elementor-column elementor-col-50 elementor-inner-column elementor-element elementor-element-822e803\" data-id=\"822e803\" data-element_type=\"column\" data-e-type=\"column\">\n\t\t\t<div class=\"elementor-widget-wrap elementor-element-populated\">\n\t\t\t\t\t\t<div class=\"elementor-element elementor-element-273663f e-transform e-transform elementor-widget elementor-widget-heading\" data-id=\"273663f\" data-element_type=\"widget\" data-e-type=\"widget\" data-settings=\"{&quot;_transform_rotateZ_effect&quot;:{&quot;unit&quot;:&quot;px&quot;,&quot;size&quot;:-1,&quot;sizes&quot;:[]},&quot;_transform_translateY_effect&quot;:{&quot;unit&quot;:&quot;px&quot;,&quot;size&quot;:6,&quot;sizes&quot;:[]},&quot;_transform_rotateZ_effect_tablet&quot;:{&quot;unit&quot;:&quot;deg&quot;,&quot;size&quot;:&quot;&quot;,&quot;sizes&quot;:[]},&quot;_transform_rotateZ_effect_mobile&quot;:{&quot;unit&quot;:&quot;deg&quot;,&quot;size&quot;:&quot;&quot;,&quot;sizes&quot;:[]},&quot;_transform_translateX_effect&quot;:{&quot;unit&quot;:&quot;px&quot;,&quot;size&quot;:&quot;&quot;,&quot;sizes&quot;:[]},&quot;_transform_translateX_effect_tablet&quot;:{&quot;unit&quot;:&quot;px&quot;,&quot;size&quot;:&quot;&quot;,&quot;sizes&quot;:[]},&quot;_transform_translateX_effect_mobile&quot;:{&quot;unit&quot;:&quot;px&quot;,&quot;size&quot;:&quot;&quot;,&quot;sizes&quot;:[]},&quot;_transform_translateY_effect_tablet&quot;:{&quot;unit&quot;:&quot;px&quot;,&quot;size&quot;:&quot;&quot;,&quot;sizes&quot;:[]},&quot;_transform_translateY_effect_mobile&quot;:{&quot;unit&quot;:&quot;px&quot;,&quot;size&quot;:&quot;&quot;,&quot;sizes&quot;:[]}}\" data-widget_type=\"heading.default\">\n\t\t\t\t<div class=\"elementor-widget-container\">\n\t\t\t\t\t<h2 class=\"elementor-heading-title elementor-size-default\">A quins destinataris es comunicaran les seves dades?<\/h2>\t\t\t\t<\/div>\n\t\t\t\t<\/div>\n\t\t\t\t<div class=\"elementor-element elementor-element-ee490f3 e-transform elementor-widget elementor-widget-text-editor\" data-id=\"ee490f3\" data-element_type=\"widget\" data-e-type=\"widget\" data-settings=\"{&quot;_transform_translateY_effect&quot;:{&quot;unit&quot;:&quot;px&quot;,&quot;size&quot;:12,&quot;sizes&quot;:[]},&quot;_transform_translateX_effect&quot;:{&quot;unit&quot;:&quot;px&quot;,&quot;size&quot;:&quot;&quot;,&quot;sizes&quot;:[]},&quot;_transform_translateX_effect_tablet&quot;:{&quot;unit&quot;:&quot;px&quot;,&quot;size&quot;:&quot;&quot;,&quot;sizes&quot;:[]},&quot;_transform_translateX_effect_mobile&quot;:{&quot;unit&quot;:&quot;px&quot;,&quot;size&quot;:&quot;&quot;,&quot;sizes&quot;:[]},&quot;_transform_translateY_effect_tablet&quot;:{&quot;unit&quot;:&quot;px&quot;,&quot;size&quot;:&quot;&quot;,&quot;sizes&quot;:[]},&quot;_transform_translateY_effect_mobile&quot;:{&quot;unit&quot;:&quot;px&quot;,&quot;size&quot;:&quot;&quot;,&quot;sizes&quot;:[]}}\" data-widget_type=\"text-editor.default\">\n\t\t\t\t<div class=\"elementor-widget-container\">\n\t\t\t\t\t\t\t\t\t<p>Per prestar serveis estrictament necessaris per al desenvolupament de l&#8217;activitat, <strong>Teichenn\u00e9, S.A.<\/strong>, comparteix dades amb diverses empreses sota les seves corresponents condicions de privacitat.<br \/>Totes les utilitats ofertes per tercers s\u00f3n estrictament necess\u00e0ries per al desenvolupament dels nostres serveis i han estat seleccionades atenent el compliment dels drets que preservem a l&#8217;empresa.<br \/>No obstant aix\u00f2, les dades registrades poden ser comunicades a Entitats on el nivell de protecci\u00f3 no \u00e9s adequat a la normativa europea. Aix\u00f2 pot suposar una transfer\u00e8ncia internacional de dades que li ser\u00e0 degudament informada i, si escau, se li demanar\u00e0 el consentiment expl\u00edcit.<br \/>Diferents empreses tindran acc\u00e9s a la informaci\u00f3 personal necess\u00e0ria per realitzar les seves funcions com a encarregats de tractament, per\u00f2 no podran utilitzar-la per altres fins. A m\u00e9s, hauran de tractar la informaci\u00f3 personal de conformitat amb la present Pol\u00edtica de Privadesa i la legislaci\u00f3 aplicable en mat\u00e8ria de protecci\u00f3 de dades. Entre aquests encarregats de tractament estan:<br \/><strong>Hosting:<\/strong> L\u00cdNEA GR\u00c1FICA,\u00a0 S.L., CIF B91794685, amb domicili C\/ ASTRONOM\u00cdA 1, TORRE 1, PLANTA 10, MOD 8-11 (Espanya). M\u00e9s informaci\u00f3 a https:\/\/www.lineagrafica.es, tracta les dades amb la finalitat de realitzar els seus serveis com a prove\u00efdor de hosting a <strong>Teichenn\u00e9, S.A.<\/strong><br \/><strong>Plataforma web:<\/strong> WordPress.org, m\u00e9s informaci\u00f3 a https:\/\/wordpress.org\/. Tracta les dades amb la finalitat de realitzar els seus serveis de suport a <strong>Teichenn\u00e9, S.A.<\/strong><br \/><strong>E-mail m\u00e0rqueting:<\/strong> CPC Servicios Inform\u00e1ticos SL (Mailrelay), amb domicili a Madrid. M\u00e9s informaci\u00f3 a www.mailrelay.com CPC Servicios Inform\u00e1ticos SL (Mailrelay) tracta les dades amb la finalitat de realitzar els seus serveis de gesti\u00f3 de email m\u00e0rqueting a <strong>Teichenn\u00e9, S.A.<\/strong><\/p>\t\t\t\t\t\t\t\t<\/div>\n\t\t\t\t<\/div>\n\t\t\t\t<div class=\"elementor-element elementor-element-931fb01 e-transform e-transform elementor-widget elementor-widget-heading\" data-id=\"931fb01\" data-element_type=\"widget\" data-e-type=\"widget\" data-settings=\"{&quot;_transform_rotateZ_effect&quot;:{&quot;unit&quot;:&quot;px&quot;,&quot;size&quot;:1,&quot;sizes&quot;:[]},&quot;_transform_translateY_effect&quot;:{&quot;unit&quot;:&quot;px&quot;,&quot;size&quot;:6,&quot;sizes&quot;:[]},&quot;_transform_rotateZ_effect_tablet&quot;:{&quot;unit&quot;:&quot;deg&quot;,&quot;size&quot;:&quot;&quot;,&quot;sizes&quot;:[]},&quot;_transform_rotateZ_effect_mobile&quot;:{&quot;unit&quot;:&quot;deg&quot;,&quot;size&quot;:&quot;&quot;,&quot;sizes&quot;:[]},&quot;_transform_translateX_effect&quot;:{&quot;unit&quot;:&quot;px&quot;,&quot;size&quot;:&quot;&quot;,&quot;sizes&quot;:[]},&quot;_transform_translateX_effect_tablet&quot;:{&quot;unit&quot;:&quot;px&quot;,&quot;size&quot;:&quot;&quot;,&quot;sizes&quot;:[]},&quot;_transform_translateX_effect_mobile&quot;:{&quot;unit&quot;:&quot;px&quot;,&quot;size&quot;:&quot;&quot;,&quot;sizes&quot;:[]},&quot;_transform_translateY_effect_tablet&quot;:{&quot;unit&quot;:&quot;px&quot;,&quot;size&quot;:&quot;&quot;,&quot;sizes&quot;:[]},&quot;_transform_translateY_effect_mobile&quot;:{&quot;unit&quot;:&quot;px&quot;,&quot;size&quot;:&quot;&quot;,&quot;sizes&quot;:[]}}\" data-widget_type=\"heading.default\">\n\t\t\t\t<div class=\"elementor-widget-container\">\n\t\t\t\t\t<h2 class=\"elementor-heading-title elementor-size-default\">Secret i seguretat de les dades<\/h2>\t\t\t\t<\/div>\n\t\t\t\t<\/div>\n\t\t\t\t<div class=\"elementor-element elementor-element-1736ec1 e-transform elementor-widget elementor-widget-text-editor\" data-id=\"1736ec1\" data-element_type=\"widget\" data-e-type=\"widget\" data-settings=\"{&quot;_transform_translateY_effect&quot;:{&quot;unit&quot;:&quot;px&quot;,&quot;size&quot;:6,&quot;sizes&quot;:[]},&quot;_transform_translateX_effect&quot;:{&quot;unit&quot;:&quot;px&quot;,&quot;size&quot;:&quot;&quot;,&quot;sizes&quot;:[]},&quot;_transform_translateX_effect_tablet&quot;:{&quot;unit&quot;:&quot;px&quot;,&quot;size&quot;:&quot;&quot;,&quot;sizes&quot;:[]},&quot;_transform_translateX_effect_mobile&quot;:{&quot;unit&quot;:&quot;px&quot;,&quot;size&quot;:&quot;&quot;,&quot;sizes&quot;:[]},&quot;_transform_translateY_effect_tablet&quot;:{&quot;unit&quot;:&quot;px&quot;,&quot;size&quot;:&quot;&quot;,&quot;sizes&quot;:[]},&quot;_transform_translateY_effect_mobile&quot;:{&quot;unit&quot;:&quot;px&quot;,&quot;size&quot;:&quot;&quot;,&quot;sizes&quot;:[]}}\" data-widget_type=\"text-editor.default\">\n\t\t\t\t<div class=\"elementor-widget-container\">\n\t\t\t\t\t\t\t\t\t<p><strong>Teichenn\u00e9, S.A.<\/strong> es compromet a l&#8217;\u00fas i tractament de les dades personals incloses dels usuaris, respectant la seva confidencialitat i utilitzar-los d&#8217;acord amb la finalitat dels mateixos, aix\u00ed com a donar compliment a la seva obligaci\u00f3 de guardar i adaptar totes les mesures per evitar l&#8217;alteraci\u00f3, p\u00e8rdua, tractament o acc\u00e9s no autoritzat, de conformitat amb el que estableix la normativa vigent de protecci\u00f3 de dades.<br \/><strong>Teichenn\u00e9, S.A.<\/strong> no pot garantir l&#8217;absoluta inexpugnabilitat de la xarxa d&#8217;Internet i per tant, la violaci\u00f3 de les dades mitjan\u00e7ant accessos fraudulents a ells per part de tercers.<\/p>\t\t\t\t\t\t\t\t<\/div>\n\t\t\t\t<\/div>\n\t\t\t\t\t<\/div>\n\t\t<\/div>\n\t\t\t\t<div class=\"elementor-column elementor-col-50 elementor-inner-column elementor-element elementor-element-a364681\" data-id=\"a364681\" data-element_type=\"column\" data-e-type=\"column\">\n\t\t\t<div class=\"elementor-widget-wrap elementor-element-populated\">\n\t\t\t\t\t\t<div class=\"elementor-element elementor-element-947c8e0 e-transform e-transform elementor-widget elementor-widget-text-editor\" data-id=\"947c8e0\" data-element_type=\"widget\" data-e-type=\"widget\" data-settings=\"{&quot;_transform_rotateZ_effect&quot;:{&quot;unit&quot;:&quot;px&quot;,&quot;size&quot;:2,&quot;sizes&quot;:[]},&quot;_transform_translateY_effect&quot;:{&quot;unit&quot;:&quot;px&quot;,&quot;size&quot;:12,&quot;sizes&quot;:[]},&quot;_transform_rotateZ_effect_tablet&quot;:{&quot;unit&quot;:&quot;deg&quot;,&quot;size&quot;:&quot;&quot;,&quot;sizes&quot;:[]},&quot;_transform_rotateZ_effect_mobile&quot;:{&quot;unit&quot;:&quot;deg&quot;,&quot;size&quot;:&quot;&quot;,&quot;sizes&quot;:[]},&quot;_transform_translateX_effect&quot;:{&quot;unit&quot;:&quot;px&quot;,&quot;size&quot;:&quot;&quot;,&quot;sizes&quot;:[]},&quot;_transform_translateX_effect_tablet&quot;:{&quot;unit&quot;:&quot;px&quot;,&quot;size&quot;:&quot;&quot;,&quot;sizes&quot;:[]},&quot;_transform_translateX_effect_mobile&quot;:{&quot;unit&quot;:&quot;px&quot;,&quot;size&quot;:&quot;&quot;,&quot;sizes&quot;:[]},&quot;_transform_translateY_effect_tablet&quot;:{&quot;unit&quot;:&quot;px&quot;,&quot;size&quot;:&quot;&quot;,&quot;sizes&quot;:[]},&quot;_transform_translateY_effect_mobile&quot;:{&quot;unit&quot;:&quot;px&quot;,&quot;size&quot;:&quot;&quot;,&quot;sizes&quot;:[]}}\" data-widget_type=\"text-editor.default\">\n\t\t\t\t<div class=\"elementor-widget-container\">\n\t\t\t\t\t\t\t\t\t<h4>Exactitud i veracitat de les dades<\/h4><p>Com a usuari, \u00e9s l&#8217;\u00fanic responsable de la veracitat i correcci\u00f3 de les dades que ens remeti, exonerant a Teichenn\u00e9, S.A. de qualsevol responsabilitat al respecte. Els usuaris garanteixen i responen, en qualsevol cas, de l&#8217;exactitud, vig\u00e8ncia i autenticitat de les dades personals facilitades i es comprometen a mantenir-les degudament actualitzades. L&#8217;usuari accepta proporcionar informaci\u00f3 completa i correcta en les diferents formes de contacte.<\/p><h4>Acceptaci\u00f3 i consentiment<\/h4><p><span style=\"text-decoration: underline;\">L&#8217;usuari declara haver estat informat de les condicions sobre protecci\u00f3 de dades de car\u00e0cter personal, acceptant i consentint el tractament dels mateixos per part de Teichenn\u00e9, S.A. en la forma i per a les finalitats indicades en aquesta Pol\u00edtica de Privacitat.<\/span><\/p><h4>Canvis en la Pol\u00edtica de Privacitat<\/h4><p>Teichenn\u00e9, S.A. es reserva el dret a modificar la present pol\u00edtica per adaptar-la a novetats legislatives o jurisprudencials, aix\u00ed com a pr\u00e0ctiques de la ind\u00fastria. En aquests sup\u00f2sits, el prestador anunciar\u00e0 en aquesta p\u00e0gina els canvis introdu\u00efts amb raonable antelaci\u00f3 a la seva posada en pr\u00e0ctica.<\/p><h4>Correus comercials<\/h4><p>D&#8217;acord amb la LSSICE, Teichenn\u00e9, S.A. no realitza pr\u00e0ctiques de SPAM, pel que no envia correus comercials per via electr\u00f2nica que no hagin estat pr\u00e8viament sol\u00b7licitats o autoritzats per l&#8217;usuari. En conseq\u00fc\u00e8ncia, a cada un dels formularis de contacte, l&#8217;usuari t\u00e9 la possibilitat de donar el seu consentiment per rebre not\u00edcies dels nostres serveis i productes, amb independ\u00e8ncia de la informaci\u00f3 comercial puntualment sol\u00b7licitada.<br \/>D&#8217;acord amb el que disposa la Llei 34\/2002 de Serveis de la Societat de la Informaci\u00f3 i de comer\u00e7 electr\u00f2nic, Teichenn\u00e9, S.A. es compromet a no enviar comunicacions de car\u00e0cter comercial sense identificar-les degudament.<\/p>\t\t\t\t\t\t\t\t<\/div>\n\t\t\t\t<\/div>\n\t\t\t\t<div class=\"elementor-element elementor-element-755c63d e-transform e-transform elementor-widget elementor-widget-heading\" data-id=\"755c63d\" data-element_type=\"widget\" data-e-type=\"widget\" data-settings=\"{&quot;_transform_rotateZ_effect&quot;:{&quot;unit&quot;:&quot;px&quot;,&quot;size&quot;:1,&quot;sizes&quot;:[]},&quot;_transform_translateY_effect&quot;:{&quot;unit&quot;:&quot;px&quot;,&quot;size&quot;:6,&quot;sizes&quot;:[]},&quot;_transform_rotateZ_effect_tablet&quot;:{&quot;unit&quot;:&quot;deg&quot;,&quot;size&quot;:&quot;&quot;,&quot;sizes&quot;:[]},&quot;_transform_rotateZ_effect_mobile&quot;:{&quot;unit&quot;:&quot;deg&quot;,&quot;size&quot;:&quot;&quot;,&quot;sizes&quot;:[]},&quot;_transform_translateX_effect&quot;:{&quot;unit&quot;:&quot;px&quot;,&quot;size&quot;:&quot;&quot;,&quot;sizes&quot;:[]},&quot;_transform_translateX_effect_tablet&quot;:{&quot;unit&quot;:&quot;px&quot;,&quot;size&quot;:&quot;&quot;,&quot;sizes&quot;:[]},&quot;_transform_translateX_effect_mobile&quot;:{&quot;unit&quot;:&quot;px&quot;,&quot;size&quot;:&quot;&quot;,&quot;sizes&quot;:[]},&quot;_transform_translateY_effect_tablet&quot;:{&quot;unit&quot;:&quot;px&quot;,&quot;size&quot;:&quot;&quot;,&quot;sizes&quot;:[]},&quot;_transform_translateY_effect_mobile&quot;:{&quot;unit&quot;:&quot;px&quot;,&quot;size&quot;:&quot;&quot;,&quot;sizes&quot;:[]}}\" data-widget_type=\"heading.default\">\n\t\t\t\t<div class=\"elementor-widget-container\">\n\t\t\t\t\t<h6 class=\"elementor-heading-title elementor-size-default\">Document revisat el 10\/10\/2023<\/h6>\t\t\t\t<\/div>\n\t\t\t\t<\/div>\n\t\t\t\t\t<\/div>\n\t\t<\/div>\n\t\t\t\t\t<\/div>\n\t\t<\/section>\n\t\t\t\t\t<\/div>\n\t\t<\/div>\n\t\t\t\t\t<\/div>\n\t\t<\/section>\n\t\t\t\t<\/div>\n\t\t","protected":false},"excerpt":{"rendered":"<p>Pol\u00edtica de privacitat Li donem la benvinguda a la web corporativa i el convidem a con\u00e8ixer aquest terminis avan\u00e7 que vost\u00e8 faciliti les seves dades personals. Menors d\u2019edatEn el cas de menors de catorze anys es requereix el consentiment dels pares o tutors per que puguem tractar les seves dades personals.En cap cas es demanaran [&hellip;]<\/p>\n","protected":false},"author":1,"featured_media":0,"parent":0,"menu_order":0,"comment_status":"closed","ping_status":"closed","template":"elementor_header_footer","meta":{"footnotes":""},"class_list":["post-3","page","type-page","status-publish","hentry"],"yoast_head":"<!-- This site is optimized with the Yoast SEO plugin v27.4 - https:\/\/yoast.com\/product\/yoast-seo-wordpress\/ -->\n<title>Pol\u00edtica de privacitat - Heretic Herbs Liqueur<\/title>\n<meta name=\"robots\" content=\"index, follow, max-snippet:-1, max-image-preview:large, max-video-preview:-1\" \/>\n<link rel=\"canonical\" href=\"https:\/\/www.hereticherbsliqueur.com\/privacy-policy\/\" \/>\n<meta property=\"og:locale\" content=\"ca_ES\" \/>\n<meta property=\"og:type\" content=\"article\" \/>\n<meta property=\"og:title\" content=\"Pol\u00edtica de privacitat - Heretic Herbs Liqueur\" \/>\n<meta property=\"og:description\" content=\"Pol\u00edtica de privacitat Li donem la benvinguda a la web corporativa i el convidem a con\u00e8ixer aquest terminis avan\u00e7 que vost\u00e8 faciliti les seves dades personals. Menors d\u2019edatEn el cas de menors de catorze anys es requereix el consentiment dels pares o tutors per que puguem tractar les seves dades personals.En cap cas es demanaran [&hellip;]\" \/>\n<meta property=\"og:url\" content=\"https:\/\/www.hereticherbsliqueur.com\/privacy-policy\/\" \/>\n<meta property=\"og:site_name\" content=\"Heretic Herbs Liqueur\" \/>\n<meta property=\"article:modified_time\" content=\"2023-10-10T09:50:46+00:00\" \/>\n<meta property=\"og:image\" content=\"https:\/\/www.hereticherbsliqueur.com\/wp-content\/uploads\/2022\/02\/cropped-creus.png\" \/>\n<meta name=\"twitter:card\" content=\"summary_large_image\" \/>\n<meta name=\"twitter:label1\" content=\"Temps estimat de lectura\" \/>\n\t<meta name=\"twitter:data1\" content=\"12 minuts\" \/>\n<script type=\"application\/ld+json\" class=\"yoast-schema-graph\">{\"@context\":\"https:\\\/\\\/schema.org\",\"@graph\":[{\"@type\":\"WebPage\",\"@id\":\"https:\\\/\\\/www.hereticherbsliqueur.com\\\/privacy-policy\\\/\",\"url\":\"https:\\\/\\\/www.hereticherbsliqueur.com\\\/privacy-policy\\\/\",\"name\":\"Pol\u00edtica de privacitat - Heretic Herbs Liqueur\",\"isPartOf\":{\"@id\":\"http:\\\/\\\/www.hereticherbsliqueur.com\\\/#website\"},\"primaryImageOfPage\":{\"@id\":\"https:\\\/\\\/www.hereticherbsliqueur.com\\\/privacy-policy\\\/#primaryimage\"},\"image\":{\"@id\":\"https:\\\/\\\/www.hereticherbsliqueur.com\\\/privacy-policy\\\/#primaryimage\"},\"thumbnailUrl\":\"https:\\\/\\\/www.hereticherbsliqueur.com\\\/wp-content\\\/uploads\\\/2022\\\/02\\\/cropped-creus.png\",\"datePublished\":\"2022-03-29T08:41:25+00:00\",\"dateModified\":\"2023-10-10T09:50:46+00:00\",\"breadcrumb\":{\"@id\":\"https:\\\/\\\/www.hereticherbsliqueur.com\\\/privacy-policy\\\/#breadcrumb\"},\"inLanguage\":\"ca\",\"potentialAction\":[{\"@type\":\"ReadAction\",\"target\":[\"https:\\\/\\\/www.hereticherbsliqueur.com\\\/privacy-policy\\\/\"]}]},{\"@type\":\"ImageObject\",\"inLanguage\":\"ca\",\"@id\":\"https:\\\/\\\/www.hereticherbsliqueur.com\\\/privacy-policy\\\/#primaryimage\",\"url\":\"https:\\\/\\\/www.hereticherbsliqueur.com\\\/wp-content\\\/uploads\\\/2022\\\/02\\\/cropped-creus.png\",\"contentUrl\":\"https:\\\/\\\/www.hereticherbsliqueur.com\\\/wp-content\\\/uploads\\\/2022\\\/02\\\/cropped-creus.png\"},{\"@type\":\"BreadcrumbList\",\"@id\":\"https:\\\/\\\/www.hereticherbsliqueur.com\\\/privacy-policy\\\/#breadcrumb\",\"itemListElement\":[{\"@type\":\"ListItem\",\"position\":1,\"name\":\"Inici\",\"item\":\"https:\\\/\\\/www.hereticherbsliqueur.com\\\/ca\\\/\"},{\"@type\":\"ListItem\",\"position\":2,\"name\":\"Pol\u00edtica de privacitat\"}]},{\"@type\":\"WebSite\",\"@id\":\"http:\\\/\\\/www.hereticherbsliqueur.com\\\/#website\",\"url\":\"http:\\\/\\\/www.hereticherbsliqueur.com\\\/\",\"name\":\"Heretic Herbs Liqueur\",\"description\":\"Since 1856\",\"potentialAction\":[{\"@type\":\"SearchAction\",\"target\":{\"@type\":\"EntryPoint\",\"urlTemplate\":\"http:\\\/\\\/www.hereticherbsliqueur.com\\\/?s={search_term_string}\"},\"query-input\":{\"@type\":\"PropertyValueSpecification\",\"valueRequired\":true,\"valueName\":\"search_term_string\"}}],\"inLanguage\":\"ca\"}]}<\/script>\n<!-- \/ Yoast SEO plugin. -->","yoast_head_json":{"title":"Pol\u00edtica de privacitat - Heretic Herbs Liqueur","robots":{"index":"index","follow":"follow","max-snippet":"max-snippet:-1","max-image-preview":"max-image-preview:large","max-video-preview":"max-video-preview:-1"},"canonical":"https:\/\/www.hereticherbsliqueur.com\/privacy-policy\/","og_locale":"ca_ES","og_type":"article","og_title":"Pol\u00edtica de privacitat - Heretic Herbs Liqueur","og_description":"Pol\u00edtica de privacitat Li donem la benvinguda a la web corporativa i el convidem a con\u00e8ixer aquest terminis avan\u00e7 que vost\u00e8 faciliti les seves dades personals. Menors d\u2019edatEn el cas de menors de catorze anys es requereix el consentiment dels pares o tutors per que puguem tractar les seves dades personals.En cap cas es demanaran [&hellip;]","og_url":"https:\/\/www.hereticherbsliqueur.com\/privacy-policy\/","og_site_name":"Heretic Herbs Liqueur","article_modified_time":"2023-10-10T09:50:46+00:00","og_image":[{"url":"https:\/\/www.hereticherbsliqueur.com\/wp-content\/uploads\/2022\/02\/cropped-creus.png","type":"","width":"","height":""}],"twitter_card":"summary_large_image","twitter_misc":{"Temps estimat de lectura":"12 minuts"},"schema":{"@context":"https:\/\/schema.org","@graph":[{"@type":"WebPage","@id":"https:\/\/www.hereticherbsliqueur.com\/privacy-policy\/","url":"https:\/\/www.hereticherbsliqueur.com\/privacy-policy\/","name":"Pol\u00edtica de privacitat - Heretic Herbs Liqueur","isPartOf":{"@id":"http:\/\/www.hereticherbsliqueur.com\/#website"},"primaryImageOfPage":{"@id":"https:\/\/www.hereticherbsliqueur.com\/privacy-policy\/#primaryimage"},"image":{"@id":"https:\/\/www.hereticherbsliqueur.com\/privacy-policy\/#primaryimage"},"thumbnailUrl":"https:\/\/www.hereticherbsliqueur.com\/wp-content\/uploads\/2022\/02\/cropped-creus.png","datePublished":"2022-03-29T08:41:25+00:00","dateModified":"2023-10-10T09:50:46+00:00","breadcrumb":{"@id":"https:\/\/www.hereticherbsliqueur.com\/privacy-policy\/#breadcrumb"},"inLanguage":"ca","potentialAction":[{"@type":"ReadAction","target":["https:\/\/www.hereticherbsliqueur.com\/privacy-policy\/"]}]},{"@type":"ImageObject","inLanguage":"ca","@id":"https:\/\/www.hereticherbsliqueur.com\/privacy-policy\/#primaryimage","url":"https:\/\/www.hereticherbsliqueur.com\/wp-content\/uploads\/2022\/02\/cropped-creus.png","contentUrl":"https:\/\/www.hereticherbsliqueur.com\/wp-content\/uploads\/2022\/02\/cropped-creus.png"},{"@type":"BreadcrumbList","@id":"https:\/\/www.hereticherbsliqueur.com\/privacy-policy\/#breadcrumb","itemListElement":[{"@type":"ListItem","position":1,"name":"Inici","item":"https:\/\/www.hereticherbsliqueur.com\/ca\/"},{"@type":"ListItem","position":2,"name":"Pol\u00edtica de privacitat"}]},{"@type":"WebSite","@id":"http:\/\/www.hereticherbsliqueur.com\/#website","url":"http:\/\/www.hereticherbsliqueur.com\/","name":"Heretic Herbs Liqueur","description":"Since 1856","potentialAction":[{"@type":"SearchAction","target":{"@type":"EntryPoint","urlTemplate":"http:\/\/www.hereticherbsliqueur.com\/?s={search_term_string}"},"query-input":{"@type":"PropertyValueSpecification","valueRequired":true,"valueName":"search_term_string"}}],"inLanguage":"ca"}]}},"jetpack_sharing_enabled":true,"_links":{"self":[{"href":"https:\/\/www.hereticherbsliqueur.com\/ca\/wp-json\/wp\/v2\/pages\/3","targetHints":{"allow":["GET"]}}],"collection":[{"href":"https:\/\/www.hereticherbsliqueur.com\/ca\/wp-json\/wp\/v2\/pages"}],"about":[{"href":"https:\/\/www.hereticherbsliqueur.com\/ca\/wp-json\/wp\/v2\/types\/page"}],"author":[{"embeddable":true,"href":"https:\/\/www.hereticherbsliqueur.com\/ca\/wp-json\/wp\/v2\/users\/1"}],"replies":[{"embeddable":true,"href":"https:\/\/www.hereticherbsliqueur.com\/ca\/wp-json\/wp\/v2\/comments?post=3"}],"version-history":[{"count":35,"href":"https:\/\/www.hereticherbsliqueur.com\/ca\/wp-json\/wp\/v2\/pages\/3\/revisions"}],"predecessor-version":[{"id":3836,"href":"https:\/\/www.hereticherbsliqueur.com\/ca\/wp-json\/wp\/v2\/pages\/3\/revisions\/3836"}],"wp:attachment":[{"href":"https:\/\/www.hereticherbsliqueur.com\/ca\/wp-json\/wp\/v2\/media?parent=3"}],"curies":[{"name":"wp","href":"https:\/\/api.w.org\/{rel}","templated":true}]}}